{"version":"1.0","provider_name":"InfoJeunes Ari\u00e8ge et Agglo Foix-Varilhes","provider_url":"https:\/\/infojeunes09.fr","author_name":"Infojeunes09","author_url":"https:\/\/infojeunes09.fr\/index.php\/author\/admin4815\/","title":"14 juillet \/ 7 fois la r\u00e9volution - InfoJeunes Ari\u00e8ge et Agglo Foix-Varilhes","type":"rich","width":600,"height":338,"html":"<blockquote class=\"wp-embedded-content\" data-secret=\"jArpxDWO2Q\"><a href=\"https:\/\/infojeunes09.fr\/index.php\/events\/14juillet-estive-foix-2026-601-689-102\/\">14 juillet \/ 7 fois la r\u00e9volution<\/a><\/blockquote><iframe sandbox=\"allow-scripts\" security=\"restricted\" src=\"https:\/\/infojeunes09.fr\/index.php\/events\/14juillet-estive-foix-2026-601-689-102\/embed\/#?secret=jArpxDWO2Q\" width=\"600\" height=\"338\" title=\"\u00ab\u00a014 juillet \/ 7 fois la r\u00e9volution\u00a0\u00bb &#8212; InfoJeunes Ari\u00e8ge et Agglo Foix-Varilhes\" data-secret=\"jArpxDWO2Q\" frameborder=\"0\" marginwidth=\"0\" marginheight=\"0\" scrolling=\"no\" class=\"wp-embedded-content\"><\/iframe><script>\n\/*! This file is auto-generated *\/\n!function(d,l){\"use strict\";l.querySelector&&d.addEventListener&&\"undefined\"!=typeof URL&&(d.wp=d.wp||{},d.wp.receiveEmbedMessage||(d.wp.receiveEmbedMessage=function(e){var t=e.data;if((t||t.secret||t.message||t.value)&&!\/[^a-zA-Z0-9]\/.test(t.secret)){for(var s,r,n,a=l.querySelectorAll('iframe[data-secret=\"'+t.secret+'\"]'),o=l.querySelectorAll('blockquote[data-secret=\"'+t.secret+'\"]'),c=new RegExp(\"^https?:$\",\"i\"),i=0;i<o.length;i++)o[i].style.display=\"none\";for(i=0;i<a.length;i++)s=a[i],e.source===s.contentWindow&&(s.removeAttribute(\"style\"),\"height\"===t.message?(1e3<(r=parseInt(t.value,10))?r=1e3:~~r<200&&(r=200),s.height=r):\"link\"===t.message&&(r=new URL(s.getAttribute(\"src\")),n=new URL(t.value),c.test(n.protocol))&&n.host===r.host&&l.activeElement===s&&(d.top.location.href=t.value))}},d.addEventListener(\"message\",d.wp.receiveEmbedMessage,!1),l.addEventListener(\"DOMContentLoaded\",function(){for(var e,t,s=l.querySelectorAll(\"iframe.wp-embedded-content\"),r=0;r<s.length;r++)(t=(e=s[r]).getAttribute(\"data-secret\"))||(t=Math.random().toString(36).substring(2,12),e.src+=\"#?secret=\"+t,e.setAttribute(\"data-secret\",t)),e.contentWindow.postMessage({message:\"ready\",secret:t},\"*\")},!1)))}(window,document);\n<\/script>\n","thumbnail_url":"https:\/\/infojeunes09.fr\/wp-content\/uploads\/2025\/12\/14juillet.jpg","thumbnail_width":729,"thumbnail_height":730,"description":"Un acrobate et un musicien jouent avec un arc g\u00e9ant, une courbe de bois de 33kg tendue par une ligne m\u00e9tallique. Avec ce partenaire \u00e9tonnant, et en complicit\u00e9 avec le public, ils cr\u00e9ent un spectacle ludique, \u00e0 la crois\u00e9e du cirque chor\u00e9graphique, de la musique concr\u00e8te et du th\u00e9\u00e2tre muet."}