{"id":5876,"date":"2025-12-23T11:01:57","date_gmt":"2025-12-23T10:01:57","guid":{"rendered":"https:\/\/infojeunes09.fr\/?post_type=mec-events&#038;p=5876"},"modified":"2025-12-23T11:32:19","modified_gmt":"2025-12-23T10:32:19","slug":"14juillet-estive-foix-2026-601-689-102","status":"publish","type":"mec-events","link":"https:\/\/infojeunes09.fr\/index.php\/events\/14juillet-estive-foix-2026-601-689-102\/","title":{"rendered":"14 juillet \/ 7 fois la r\u00e9volution"},"content":{"rendered":"\n<p>Tarif Carte R\u00e9duc&rsquo;09 : 5\u20ac<br>Jeudi 15 janvier 2026, 19h30 \u00e0 l&rsquo;Estive (Foix)<br>Plus d&rsquo;infos : <a href=\"https:\/\/www.lestive.com\/evenement\/parler-flamenco\/\" target=\"_blank\" rel=\"noreferrer noopener\">www.lestive.com\/evenement\/parler-flamenco\/<\/a><\/p>\n\n\n\n<p><\/p>\n","protected":false},"excerpt":{"rendered":"<p>Tarif Carte R\u00e9duc&rsquo;09 : 5\u20acJeudi 15 janvier 2026, 19h30 \u00e0 l&rsquo;Estive (Foix)Plus d&rsquo;infos : www.lestive.com\/evenement\/parler-flamenco\/<\/p>\n","protected":false},"author":1,"featured_media":5886,"comment_status":"closed","ping_status":"closed","template":"","tags":[],"mec_category":[12],"class_list":["post-5876","mec-events","type-mec-events","status-publish","has-post-thumbnail","hentry","mec_category-reduc09"],"yoast_head":"<!-- This site is optimized with the Yoast SEO plugin v27.0 - https:\/\/yoast.com\/product\/yoast-seo-wordpress\/ -->\n<title>14 juillet \/ 7 fois la r\u00e9volution - InfoJeunes Ari\u00e8ge et Agglo Foix-Varilhes<\/title>\n<meta name=\"description\" content=\"Un acrobate et un musicien jouent avec un arc g\u00e9ant, une courbe de bois de 33kg tendue par une ligne m\u00e9tallique. Avec ce partenaire \u00e9tonnant, et en complicit\u00e9 avec le public, ils cr\u00e9ent un spectacle ludique, \u00e0 la crois\u00e9e du cirque chor\u00e9graphique, de la musique concr\u00e8te et du th\u00e9\u00e2tre muet.\" \/>\n<meta name=\"robots\" content=\"index, follow, max-snippet:-1, max-image-preview:large, max-video-preview:-1\" \/>\n<link rel=\"canonical\" href=\"https:\/\/infojeunes09.fr\/index.php\/events\/14juillet-estive-foix-2026-601-689-102\/\" \/>\n<meta property=\"og:locale\" content=\"fr_FR\" \/>\n<meta property=\"og:type\" content=\"article\" \/>\n<meta property=\"og:title\" content=\"14 juillet \/ 7 fois la r\u00e9volution - InfoJeunes Ari\u00e8ge et Agglo Foix-Varilhes\" \/>\n<meta property=\"og:description\" content=\"Un acrobate et un musicien jouent avec un arc g\u00e9ant, une courbe de bois de 33kg tendue par une ligne m\u00e9tallique. Avec ce partenaire \u00e9tonnant, et en complicit\u00e9 avec le public, ils cr\u00e9ent un spectacle ludique, \u00e0 la crois\u00e9e du cirque chor\u00e9graphique, de la musique concr\u00e8te et du th\u00e9\u00e2tre muet.\" \/>\n<meta property=\"og:url\" content=\"https:\/\/infojeunes09.fr\/index.php\/events\/14juillet-estive-foix-2026-601-689-102\/\" \/>\n<meta property=\"og:site_name\" content=\"InfoJeunes Ari\u00e8ge et Agglo Foix-Varilhes\" \/>\n<meta property=\"article:publisher\" content=\"https:\/\/www.facebook.com\/Infojeunes09\/\" \/>\n<meta property=\"article:modified_time\" content=\"2025-12-23T10:32:19+00:00\" \/>\n<meta property=\"og:image\" content=\"https:\/\/infojeunes09.fr\/wp-content\/uploads\/2025\/12\/14juillet.jpg\" \/>\n\t<meta property=\"og:image:width\" content=\"729\" \/>\n\t<meta property=\"og:image:height\" content=\"730\" \/>\n\t<meta property=\"og:image:type\" content=\"image\/jpeg\" \/>\n<meta name=\"twitter:card\" content=\"summary_large_image\" \/>\n<meta name=\"twitter:label1\" content=\"Dur\u00e9e de lecture estim\u00e9e\" \/>\n\t<meta name=\"twitter:data1\" content=\"1 minute\" \/>\n<script type=\"application\/ld+json\" class=\"yoast-schema-graph\">{\"@context\":\"https:\/\/schema.org\",\"@graph\":[{\"@type\":\"WebPage\",\"@id\":\"https:\/\/infojeunes09.fr\/index.php\/events\/14juillet-estive-foix-2026-601-689-102\/\",\"url\":\"https:\/\/infojeunes09.fr\/index.php\/events\/14juillet-estive-foix-2026-601-689-102\/\",\"name\":\"14 juillet \/ 7 fois la r\u00e9volution - InfoJeunes Ari\u00e8ge et Agglo Foix-Varilhes\",\"isPartOf\":{\"@id\":\"https:\/\/infojeunes09.fr\/#website\"},\"primaryImageOfPage\":{\"@id\":\"https:\/\/infojeunes09.fr\/index.php\/events\/14juillet-estive-foix-2026-601-689-102\/#primaryimage\"},\"image\":{\"@id\":\"https:\/\/infojeunes09.fr\/index.php\/events\/14juillet-estive-foix-2026-601-689-102\/#primaryimage\"},\"thumbnailUrl\":\"https:\/\/infojeunes09.fr\/wp-content\/uploads\/2025\/12\/14juillet.jpg\",\"datePublished\":\"2025-12-23T10:01:57+00:00\",\"dateModified\":\"2025-12-23T10:32:19+00:00\",\"description\":\"Un acrobate et un musicien jouent avec un arc g\u00e9ant, une courbe de bois de 33kg tendue par une ligne m\u00e9tallique. Avec ce partenaire \u00e9tonnant, et en complicit\u00e9 avec le public, ils cr\u00e9ent un spectacle ludique, \u00e0 la crois\u00e9e du cirque chor\u00e9graphique, de la musique concr\u00e8te et du th\u00e9\u00e2tre muet.\",\"breadcrumb\":{\"@id\":\"https:\/\/infojeunes09.fr\/index.php\/events\/14juillet-estive-foix-2026-601-689-102\/#breadcrumb\"},\"inLanguage\":\"fr-FR\",\"potentialAction\":[{\"@type\":\"ReadAction\",\"target\":[\"https:\/\/infojeunes09.fr\/index.php\/events\/14juillet-estive-foix-2026-601-689-102\/\"]}]},{\"@type\":\"ImageObject\",\"inLanguage\":\"fr-FR\",\"@id\":\"https:\/\/infojeunes09.fr\/index.php\/events\/14juillet-estive-foix-2026-601-689-102\/#primaryimage\",\"url\":\"https:\/\/infojeunes09.fr\/wp-content\/uploads\/2025\/12\/14juillet.jpg\",\"contentUrl\":\"https:\/\/infojeunes09.fr\/wp-content\/uploads\/2025\/12\/14juillet.jpg\",\"width\":729,\"height\":730},{\"@type\":\"BreadcrumbList\",\"@id\":\"https:\/\/infojeunes09.fr\/index.php\/events\/14juillet-estive-foix-2026-601-689-102\/#breadcrumb\",\"itemListElement\":[{\"@type\":\"ListItem\",\"position\":1,\"name\":\"Accueil\",\"item\":\"https:\/\/infojeunes09.fr\/\"},{\"@type\":\"ListItem\",\"position\":2,\"name\":\"\u00c9venements\",\"item\":\"https:\/\/infojeunes09.fr\/index.php\/events\/\"},{\"@type\":\"ListItem\",\"position\":3,\"name\":\"14 juillet \/ 7 fois la r\u00e9volution\"}]},{\"@type\":\"WebSite\",\"@id\":\"https:\/\/infojeunes09.fr\/#website\",\"url\":\"https:\/\/infojeunes09.fr\/\",\"name\":\"InfoJeunes Ari\u00e8ge et Agglo Foix-Varilhes\",\"description\":\"Explorer les possibles\",\"publisher\":{\"@id\":\"https:\/\/infojeunes09.fr\/#organization\"},\"potentialAction\":[{\"@type\":\"SearchAction\",\"target\":{\"@type\":\"EntryPoint\",\"urlTemplate\":\"https:\/\/infojeunes09.fr\/?s={search_term_string}\"},\"query-input\":{\"@type\":\"PropertyValueSpecification\",\"valueRequired\":true,\"valueName\":\"search_term_string\"}}],\"inLanguage\":\"fr-FR\"},{\"@type\":\"Organization\",\"@id\":\"https:\/\/infojeunes09.fr\/#organization\",\"name\":\"InfoJeunes Agglo Foix-Varilhes et Ari\u00e8ge\",\"url\":\"https:\/\/infojeunes09.fr\/\",\"logo\":{\"@type\":\"ImageObject\",\"inLanguage\":\"fr-FR\",\"@id\":\"https:\/\/infojeunes09.fr\/#\/schema\/logo\/image\/\",\"url\":\"https:\/\/infojeunes09.fr\/wp-content\/uploads\/2022\/07\/logo-bleu-Agglo-Foix-Varilhes-et-ariege@2x.png\",\"contentUrl\":\"https:\/\/infojeunes09.fr\/wp-content\/uploads\/2022\/07\/logo-bleu-Agglo-Foix-Varilhes-et-ariege@2x.png\",\"width\":800,\"height\":400,\"caption\":\"InfoJeunes Agglo Foix-Varilhes et Ari\u00e8ge\"},\"image\":{\"@id\":\"https:\/\/infojeunes09.fr\/#\/schema\/logo\/image\/\"},\"sameAs\":[\"https:\/\/www.facebook.com\/Infojeunes09\/\",\"https:\/\/www.instagram.com\/infojeunes09\/\"]}]}<\/script>\n<!-- \/ Yoast SEO plugin. -->","yoast_head_json":{"title":"14 juillet \/ 7 fois la r\u00e9volution - InfoJeunes Ari\u00e8ge et Agglo Foix-Varilhes","description":"Un acrobate et un musicien jouent avec un arc g\u00e9ant, une courbe de bois de 33kg tendue par une ligne m\u00e9tallique. Avec ce partenaire \u00e9tonnant, et en complicit\u00e9 avec le public, ils cr\u00e9ent un spectacle ludique, \u00e0 la crois\u00e9e du cirque chor\u00e9graphique, de la musique concr\u00e8te et du th\u00e9\u00e2tre muet.","robots":{"index":"index","follow":"follow","max-snippet":"max-snippet:-1","max-image-preview":"max-image-preview:large","max-video-preview":"max-video-preview:-1"},"canonical":"https:\/\/infojeunes09.fr\/index.php\/events\/14juillet-estive-foix-2026-601-689-102\/","og_locale":"fr_FR","og_type":"article","og_title":"14 juillet \/ 7 fois la r\u00e9volution - InfoJeunes Ari\u00e8ge et Agglo Foix-Varilhes","og_description":"Un acrobate et un musicien jouent avec un arc g\u00e9ant, une courbe de bois de 33kg tendue par une ligne m\u00e9tallique. Avec ce partenaire \u00e9tonnant, et en complicit\u00e9 avec le public, ils cr\u00e9ent un spectacle ludique, \u00e0 la crois\u00e9e du cirque chor\u00e9graphique, de la musique concr\u00e8te et du th\u00e9\u00e2tre muet.","og_url":"https:\/\/infojeunes09.fr\/index.php\/events\/14juillet-estive-foix-2026-601-689-102\/","og_site_name":"InfoJeunes Ari\u00e8ge et Agglo Foix-Varilhes","article_publisher":"https:\/\/www.facebook.com\/Infojeunes09\/","article_modified_time":"2025-12-23T10:32:19+00:00","og_image":[{"width":729,"height":730,"url":"https:\/\/infojeunes09.fr\/wp-content\/uploads\/2025\/12\/14juillet.jpg","type":"image\/jpeg"}],"twitter_card":"summary_large_image","twitter_misc":{"Dur\u00e9e de lecture estim\u00e9e":"1 minute"},"schema":{"@context":"https:\/\/schema.org","@graph":[{"@type":"WebPage","@id":"https:\/\/infojeunes09.fr\/index.php\/events\/14juillet-estive-foix-2026-601-689-102\/","url":"https:\/\/infojeunes09.fr\/index.php\/events\/14juillet-estive-foix-2026-601-689-102\/","name":"14 juillet \/ 7 fois la r\u00e9volution - InfoJeunes Ari\u00e8ge et Agglo Foix-Varilhes","isPartOf":{"@id":"https:\/\/infojeunes09.fr\/#website"},"primaryImageOfPage":{"@id":"https:\/\/infojeunes09.fr\/index.php\/events\/14juillet-estive-foix-2026-601-689-102\/#primaryimage"},"image":{"@id":"https:\/\/infojeunes09.fr\/index.php\/events\/14juillet-estive-foix-2026-601-689-102\/#primaryimage"},"thumbnailUrl":"https:\/\/infojeunes09.fr\/wp-content\/uploads\/2025\/12\/14juillet.jpg","datePublished":"2025-12-23T10:01:57+00:00","dateModified":"2025-12-23T10:32:19+00:00","description":"Un acrobate et un musicien jouent avec un arc g\u00e9ant, une courbe de bois de 33kg tendue par une ligne m\u00e9tallique. Avec ce partenaire \u00e9tonnant, et en complicit\u00e9 avec le public, ils cr\u00e9ent un spectacle ludique, \u00e0 la crois\u00e9e du cirque chor\u00e9graphique, de la musique concr\u00e8te et du th\u00e9\u00e2tre muet.","breadcrumb":{"@id":"https:\/\/infojeunes09.fr\/index.php\/events\/14juillet-estive-foix-2026-601-689-102\/#breadcrumb"},"inLanguage":"fr-FR","potentialAction":[{"@type":"ReadAction","target":["https:\/\/infojeunes09.fr\/index.php\/events\/14juillet-estive-foix-2026-601-689-102\/"]}]},{"@type":"ImageObject","inLanguage":"fr-FR","@id":"https:\/\/infojeunes09.fr\/index.php\/events\/14juillet-estive-foix-2026-601-689-102\/#primaryimage","url":"https:\/\/infojeunes09.fr\/wp-content\/uploads\/2025\/12\/14juillet.jpg","contentUrl":"https:\/\/infojeunes09.fr\/wp-content\/uploads\/2025\/12\/14juillet.jpg","width":729,"height":730},{"@type":"BreadcrumbList","@id":"https:\/\/infojeunes09.fr\/index.php\/events\/14juillet-estive-foix-2026-601-689-102\/#breadcrumb","itemListElement":[{"@type":"ListItem","position":1,"name":"Accueil","item":"https:\/\/infojeunes09.fr\/"},{"@type":"ListItem","position":2,"name":"\u00c9venements","item":"https:\/\/infojeunes09.fr\/index.php\/events\/"},{"@type":"ListItem","position":3,"name":"14 juillet \/ 7 fois la r\u00e9volution"}]},{"@type":"WebSite","@id":"https:\/\/infojeunes09.fr\/#website","url":"https:\/\/infojeunes09.fr\/","name":"InfoJeunes Ari\u00e8ge et Agglo Foix-Varilhes","description":"Explorer les possibles","publisher":{"@id":"https:\/\/infojeunes09.fr\/#organization"},"potentialAction":[{"@type":"SearchAction","target":{"@type":"EntryPoint","urlTemplate":"https:\/\/infojeunes09.fr\/?s={search_term_string}"},"query-input":{"@type":"PropertyValueSpecification","valueRequired":true,"valueName":"search_term_string"}}],"inLanguage":"fr-FR"},{"@type":"Organization","@id":"https:\/\/infojeunes09.fr\/#organization","name":"InfoJeunes Agglo Foix-Varilhes et Ari\u00e8ge","url":"https:\/\/infojeunes09.fr\/","logo":{"@type":"ImageObject","inLanguage":"fr-FR","@id":"https:\/\/infojeunes09.fr\/#\/schema\/logo\/image\/","url":"https:\/\/infojeunes09.fr\/wp-content\/uploads\/2022\/07\/logo-bleu-Agglo-Foix-Varilhes-et-ariege@2x.png","contentUrl":"https:\/\/infojeunes09.fr\/wp-content\/uploads\/2022\/07\/logo-bleu-Agglo-Foix-Varilhes-et-ariege@2x.png","width":800,"height":400,"caption":"InfoJeunes Agglo Foix-Varilhes et Ari\u00e8ge"},"image":{"@id":"https:\/\/infojeunes09.fr\/#\/schema\/logo\/image\/"},"sameAs":["https:\/\/www.facebook.com\/Infojeunes09\/","https:\/\/www.instagram.com\/infojeunes09\/"]}]}},"_links":{"self":[{"href":"https:\/\/infojeunes09.fr\/index.php\/wp-json\/wp\/v2\/mec-events\/5876","targetHints":{"allow":["GET"]}}],"collection":[{"href":"https:\/\/infojeunes09.fr\/index.php\/wp-json\/wp\/v2\/mec-events"}],"about":[{"href":"https:\/\/infojeunes09.fr\/index.php\/wp-json\/wp\/v2\/types\/mec-events"}],"author":[{"embeddable":true,"href":"https:\/\/infojeunes09.fr\/index.php\/wp-json\/wp\/v2\/users\/1"}],"replies":[{"embeddable":true,"href":"https:\/\/infojeunes09.fr\/index.php\/wp-json\/wp\/v2\/comments?post=5876"}],"wp:featuredmedia":[{"embeddable":true,"href":"https:\/\/infojeunes09.fr\/index.php\/wp-json\/wp\/v2\/media\/5886"}],"wp:attachment":[{"href":"https:\/\/infojeunes09.fr\/index.php\/wp-json\/wp\/v2\/media?parent=5876"}],"wp:term":[{"taxonomy":"post_tag","embeddable":true,"href":"https:\/\/infojeunes09.fr\/index.php\/wp-json\/wp\/v2\/tags?post=5876"},{"taxonomy":"mec_category","embeddable":true,"href":"https:\/\/infojeunes09.fr\/index.php\/wp-json\/wp\/v2\/mec_category?post=5876"}],"curies":[{"name":"wp","href":"https:\/\/api.w.org\/{rel}","templated":true}]}}