{"id":231,"date":"2021-10-05T11:22:50","date_gmt":"2021-10-05T09:22:50","guid":{"rendered":"http:\/\/infojeunes09.org\/?page_id=231"},"modified":"2022-06-07T16:32:15","modified_gmt":"2022-06-07T14:32:15","slug":"agenda-culturel","status":"publish","type":"page","link":"https:\/\/infojeunes09.fr\/index.php\/se-distraire\/agenda-culturel\/","title":{"rendered":"Agenda culturel"},"content":{"rendered":"\t\t<div data-elementor-type=\"wp-page\" data-elementor-id=\"231\" class=\"elementor elementor-231\" data-elementor-post-type=\"page\">\n\t\t\t\t\t\t<section class=\"elementor-section elementor-top-section elementor-element elementor-element-31822c9 elementor-section-boxed elementor-section-height-default elementor-section-height-default\" data-id=\"31822c9\" data-element_type=\"section\" data-e-type=\"section\">\n\t\t\t\t\t\t<div class=\"elementor-container elementor-column-gap-default\">\n\t\t\t\t\t<div class=\"elementor-column elementor-col-100 elementor-top-column elementor-element elementor-element-8c5c43a\" data-id=\"8c5c43a\" data-element_type=\"column\" data-e-type=\"column\">\n\t\t\t<div class=\"elementor-widget-wrap elementor-element-populated\">\n\t\t\t\t\t\t<div class=\"elementor-element elementor-element-c300415 elementor-widget elementor-widget-heading\" data-id=\"c300415\" data-element_type=\"widget\" data-e-type=\"widget\" data-widget_type=\"heading.default\">\n\t\t\t\t<div class=\"elementor-widget-container\">\n\t\t\t\t\t<h2 class=\"elementor-heading-title elementor-size-default\">L'agenda<\/h2>\t\t\t\t<\/div>\n\t\t\t\t<\/div>\n\t\t\t\t<div class=\"elementor-element elementor-element-87af4eb elementor-widget elementor-widget-text-editor\" data-id=\"87af4eb\" data-element_type=\"widget\" data-e-type=\"widget\" data-widget_type=\"text-editor.default\">\n\t\t\t\t<div class=\"elementor-widget-container\">\n\t\t\t\t\t\t\t\t\t<p>Retrouvez les \u00e9v\u00e9nements jeunesses \u00e0 ne pas rater en Ari\u00e8ge !<\/p>\t\t\t\t\t\t\t\t<\/div>\n\t\t\t\t<\/div>\n\t\t\t\t<div class=\"elementor-element elementor-element-4f8ea5e elementor-widget elementor-widget-text-editor\" data-id=\"4f8ea5e\" data-element_type=\"widget\" data-e-type=\"widget\" data-widget_type=\"text-editor.default\">\n\t\t\t\t<div class=\"elementor-widget-container\">\n\t\t\t\t\t\t\t\t\t<div id=\"mec_skin_206\" class=\"mec-wrap colorskin-custom  \">\r\n    \r\n        \r\n    <div class=\"mec-calendar mec-box-calendar mec-event-calendar-classic mec-event-container-novel\">\r\n                <div class=\"mec-calendar-side mec-clear\">\r\n                        <div class=\"mec-skin-monthly-view-month-navigator-container\">\r\n                <div class=\"mec-month-navigator\" id=\"mec_month_navigator_206_202604\"><div class=\"mec-previous-month mec-load-month mec-previous-month\" data-mec-year=\"2026\" data-mec-month=\"03\"><a href=\"#\" class=\"mec-load-month-link\"><i class=\"mec-sl-angle-left\"><\/i> mars<\/a><\/div><div class=\"mec-calendar-header\"><h2>avril 2026<\/h2><\/div><div class=\"mec-next-month mec-load-month mec-next-month\" data-mec-year=\"2026\" data-mec-month=\"05\"><a href=\"#\" class=\"mec-load-month-link\">mai <i class=\"mec-sl-angle-right\"><\/i><\/a><\/div><\/div>\r\n            <\/div>\r\n            \r\n            <div class=\"mec-calendar-table\" id=\"mec_skin_events_206\">\r\n                <div class=\"mec-month-container mec-month-container-selected\" id=\"mec_monthly_view_month_206_202604\" data-month-id=\"202604\"><dl class=\"mec-calendar-table-head\"><dt class=\"mec-calendar-day-head\">LUN.<\/dt><dt class=\"mec-calendar-day-head\">MAR.<\/dt><dt class=\"mec-calendar-day-head\">MER.<\/dt><dt class=\"mec-calendar-day-head\">JEU.<\/dt><dt class=\"mec-calendar-day-head\">VEN.<\/dt><dt class=\"mec-calendar-day-head\">SAM.<\/dt><dt class=\"mec-calendar-day-head\">DIM.<\/dt><\/dl><dl class=\"mec-calendar-row\">\r\n    <dt class=\"mec-table-nullday\">30<\/dt><dt class=\"mec-table-nullday\">31<\/dt><dt class=\"mec-calendar-day\" data-mec-cell=\"20260401\" data-day=\"1\" data-month=\"202604\"><div class=\"mec-calendar-novel-selected-day\">1<\/div>        <script type=\"application\/ld+json\">\r\n        {\r\n            \"@context\": \"http:\/\/schema.org\",\r\n            \"@type\": \"Event\",\r\n            \"eventStatus\": \"https:\/\/schema.org\/EventScheduled\",\r\n            \"startDate\": \"2026-04-01\",\r\n            \"endDate\": \"2026-04-01\",\r\n            \"eventAttendanceMode\": \"https:\/\/schema.org\/OfflineEventAttendanceMode\",\r\n            \"location\":\r\n            {\r\n                \"@type\": \"Place\",\r\n                                \"name\": \"Foix\",\r\n                \"image\": \"\",\r\n                \"address\": \"Foix\"\r\n                            },\r\n            \"organizer\":\r\n            {\r\n                \"@type\": \"Person\",\r\n                \"name\": \"Estive\",\r\n                \"url\": \"http:\/\/www.lestive.com\"\r\n            },\r\n            \"offers\":\r\n            {\r\n                \"url\": \"https:\/\/infojeunes09.fr\/index.php\/events\/monarques-estive-foix-2026\/\",\r\n                \"price\": \"$5.00\",\r\n                \"priceCurrency\": \"USD\",\r\n                \"availability\": \"https:\/\/schema.org\/InStock\",\r\n                \"validFrom\": \"2026-04-01T00:00\"\r\n            },\r\n            \"performer\": \"\",\r\n            \"description\": \" &lt;p&gt;Tarif Carte R\u00e9duc&rsquo;09 : 5\u20ac&lt;br&gt;Mercredi 1er avril 2026, 20h30 \u00e0 l&rsquo;Estive, Foix&lt;br&gt;&lt;br&gt;Plus d&rsquo;infos : &lt;a href=&quot;https:\/\/www.lestive.com\/evenement\/monarques\/&quot; target=&quot;_blank&quot; rel=&quot;noreferrer noopener&quot;&gt;www.lestive.com\/evenement\/monarques\/&lt;\/a&gt;&lt;\/p&gt;    &lt;div class=&quot;figure&quot;&gt;&lt;\/div&gt; \",\r\n            \"image\": \"https:\/\/infojeunes09.fr\/wp-content\/uploads\/2026\/03\/2026-03-31-13_49_26-Monarques-photo-ronde.webp-Image-WEBP-733-\u00d7-733-pixels-\u2014-Mozilla-Firefox.jpg\",\r\n            \"name\": \"Monarques\",\r\n            \"url\": \"https:\/\/infojeunes09.fr\/index.php\/events\/monarques-estive-foix-2026\/\"\r\n        }\r\n        <\/script>\r\n        <a class=\"mec-past-event event-single-link-novel\" data-event-id=\"6031\" href=\"https:\/\/infojeunes09.fr\/index.php\/events\/monarques-estive-foix-2026\/\" ><div style=\"background:#e14d43\" class=\"mec-single-event-novel mec-event-article \"><h4 class=\"mec-event-title\">Monarques<\/h4><span class=\"mec-labels-normal\"><span data-style=\"Normal\" class=\"mec-label-normal mec-expired-normal-label\">Expired<\/span><\/span><\/div><\/a><\/dt><dt class=\"mec-calendar-day\" data-mec-cell=\"20260402\" data-day=\"2\" data-month=\"202604\">2<\/dt><\/dt><dt class=\"mec-calendar-day\" data-mec-cell=\"20260403\" data-day=\"3\" data-month=\"202604\"><div class=\"mec-calendar-novel-selected-day\">3<\/div>        <script type=\"application\/ld+json\">\r\n        {\r\n            \"@context\": \"http:\/\/schema.org\",\r\n            \"@type\": \"Event\",\r\n            \"eventStatus\": \"https:\/\/schema.org\/EventScheduled\",\r\n            \"startDate\": \"2026-04-03\",\r\n            \"endDate\": \"2026-04-03\",\r\n            \"eventAttendanceMode\": \"https:\/\/schema.org\/OfflineEventAttendanceMode\",\r\n            \"location\":\r\n            {\r\n                \"@type\": \"Place\",\r\n                                \"name\": \"Dun\",\r\n                \"image\": \"\",\r\n                \"address\": \"\"\r\n                            },\r\n            \"organizer\":\r\n            {\r\n                \"@type\": \"Person\",\r\n                \"name\": \"Estive\",\r\n                \"url\": \"http:\/\/www.lestive.com\"\r\n            },\r\n            \"offers\":\r\n            {\r\n                \"url\": \"https:\/\/infojeunes09.fr\/index.php\/events\/sansfairedebruit-estive-dun-14h30\/\",\r\n                \"price\": \"$5.00\",\r\n                \"priceCurrency\": \"USD\",\r\n                \"availability\": \"https:\/\/schema.org\/InStock\",\r\n                \"validFrom\": \"2026-04-03T00:00\"\r\n            },\r\n            \"performer\": \"\",\r\n            \"description\": \" &lt;p&gt;Tarif Carte Evasion Culture : 5\u20ac&lt;br&gt;Vendredi 3 avril 2026, &lt;strong&gt;14h30&lt;\/strong&gt; \u00e0 la salle des f\u00eates de Dun.&lt;br&gt;et &lt;br&gt;Vendredi 3 avril 2026, &lt;strong&gt;20h30&lt;\/strong&gt; \u00e0 la salle des f\u00eates de Dun.&lt;br&gt;&lt;br&gt;Plus d&rsquo;infos : &lt;a href=&quot;https:\/\/www.lestive.com\/evenement\/sans-faire-de-bruit\/&quot; target=&quot;_blank&quot; rel=&quot;noreferrer noopener&quot;&gt;www.lestive.com\/evenement\/sans-faire-de-bruit\/&lt;\/a&gt;&lt;\/p&gt;    &lt;div class=&quot;figure&quot;&gt;&lt;\/div&gt; \",\r\n            \"image\": \"https:\/\/infojeunes09.fr\/wp-content\/uploads\/2026\/03\/2026-03-31-13_49_54-Sans-faire-de-bruit-photo-ronde.webp-Image-WEBP-733-\u00d7-733-pixels-\u2014-Mozilla-Fi.jpg\",\r\n            \"name\": \"Sans faire de bruit\",\r\n            \"url\": \"https:\/\/infojeunes09.fr\/index.php\/events\/sansfairedebruit-estive-dun-14h30\/\"\r\n        }\r\n        <\/script>\r\n        <a class=\"mec-past-event event-single-link-novel\" data-event-id=\"6106\" href=\"https:\/\/infojeunes09.fr\/index.php\/events\/sansfairedebruit-estive-dun-14h30\/\" ><div style=\"background:#e14d43\" class=\"mec-single-event-novel mec-event-article \"><h4 class=\"mec-event-title\">Sans faire de bruit<\/h4><span class=\"mec-labels-normal\"><span data-style=\"Normal\" class=\"mec-label-normal mec-expired-normal-label\">Expired<\/span><\/span><\/div><\/a>        <script type=\"application\/ld+json\">\r\n        {\r\n            \"@context\": \"http:\/\/schema.org\",\r\n            \"@type\": \"Event\",\r\n            \"eventStatus\": \"https:\/\/schema.org\/EventScheduled\",\r\n            \"startDate\": \"2026-04-03\",\r\n            \"endDate\": \"2026-04-03\",\r\n            \"eventAttendanceMode\": \"https:\/\/schema.org\/OfflineEventAttendanceMode\",\r\n            \"location\":\r\n            {\r\n                \"@type\": \"Place\",\r\n                                \"name\": \"Dun\",\r\n                \"image\": \"\",\r\n                \"address\": \"\"\r\n                            },\r\n            \"organizer\":\r\n            {\r\n                \"@type\": \"Person\",\r\n                \"name\": \"Estive\",\r\n                \"url\": \"http:\/\/www.lestive.com\"\r\n            },\r\n            \"offers\":\r\n            {\r\n                \"url\": \"https:\/\/infojeunes09.fr\/index.php\/events\/sansfairedebruit-estive-dun\/\",\r\n                \"price\": \"$5.00\",\r\n                \"priceCurrency\": \"USD\",\r\n                \"availability\": \"https:\/\/schema.org\/InStock\",\r\n                \"validFrom\": \"2026-04-03T00:00\"\r\n            },\r\n            \"performer\": \"\",\r\n            \"description\": \" &lt;p&gt;Tarif Carte R\u00e9duc&rsquo;09 : 5\u20ac&lt;br&gt;Vendredi 3 avril 2026, &lt;strong&gt;14h30&lt;\/strong&gt; \u00e0 la salle des f\u00eates de Dun.&lt;br&gt;et &lt;br&gt;Vendredi 3 avril 2026, &lt;strong&gt;20h30&lt;\/strong&gt; \u00e0 la salle des f\u00eates de Dun.&lt;br&gt;&lt;br&gt;Plus d&rsquo;infos : &lt;a href=&quot;https:\/\/www.lestive.com\/evenement\/sans-faire-de-bruit\/&quot; target=&quot;_blank&quot; rel=&quot;noreferrer noopener&quot;&gt;www.lestive.com\/evenement\/sans-faire-de-bruit\/&lt;\/a&gt;&lt;\/p&gt;    &lt;div class=&quot;figure&quot;&gt;&lt;\/div&gt; \",\r\n            \"image\": \"https:\/\/infojeunes09.fr\/wp-content\/uploads\/2026\/03\/2026-03-31-13_49_54-Sans-faire-de-bruit-photo-ronde.webp-Image-WEBP-733-\u00d7-733-pixels-\u2014-Mozilla-Fi.jpg\",\r\n            \"name\": \"Sans faire de bruit\",\r\n            \"url\": \"https:\/\/infojeunes09.fr\/index.php\/events\/sansfairedebruit-estive-dun\/\"\r\n        }\r\n        <\/script>\r\n        <a class=\"mec-past-event event-single-link-novel\" data-event-id=\"6032\" href=\"https:\/\/infojeunes09.fr\/index.php\/events\/sansfairedebruit-estive-dun\/\" ><div style=\"background:#e14d43\" class=\"mec-single-event-novel mec-event-article \"><h4 class=\"mec-event-title\">Sans faire de bruit<\/h4><span class=\"mec-labels-normal\"><span data-style=\"Normal\" class=\"mec-label-normal mec-expired-normal-label\">Expired<\/span><\/span><\/div><\/a><\/dt><dt class=\"mec-calendar-day\" data-mec-cell=\"20260404\" data-day=\"4\" data-month=\"202604\">4<\/dt><\/dt><dt class=\"mec-calendar-day\" data-mec-cell=\"20260405\" data-day=\"5\" data-month=\"202604\">5<\/dt><\/dt><\/dl><dl class=\"mec-calendar-row\"><dt class=\"mec-calendar-day\" data-mec-cell=\"20260406\" data-day=\"6\" data-month=\"202604\">6<\/dt><\/dt><dt class=\"mec-calendar-day\" data-mec-cell=\"20260407\" data-day=\"7\" data-month=\"202604\">7<\/dt><\/dt><dt class=\"mec-calendar-day\" data-mec-cell=\"20260408\" data-day=\"8\" data-month=\"202604\">8<\/dt><\/dt><dt class=\"mec-calendar-day\" data-mec-cell=\"20260409\" data-day=\"9\" data-month=\"202604\">9<\/dt><\/dt><dt class=\"mec-calendar-day\" data-mec-cell=\"20260410\" data-day=\"10\" data-month=\"202604\"><div class=\"mec-calendar-novel-selected-day\">10<\/div>        <script type=\"application\/ld+json\">\r\n        {\r\n            \"@context\": \"http:\/\/schema.org\",\r\n            \"@type\": \"Event\",\r\n            \"eventStatus\": \"https:\/\/schema.org\/EventScheduled\",\r\n            \"startDate\": \"2026-04-10\",\r\n            \"endDate\": \"2026-04-10\",\r\n            \"eventAttendanceMode\": \"https:\/\/schema.org\/OfflineEventAttendanceMode\",\r\n            \"location\":\r\n            {\r\n                \"@type\": \"Place\",\r\n                                \"name\": \"Oust\",\r\n                \"image\": \"\",\r\n                \"address\": \"\"\r\n                            },\r\n            \"organizer\":\r\n            {\r\n                \"@type\": \"Person\",\r\n                \"name\": \"Th\u00e9\u00e2trales\",\r\n                \"url\": \"https:\/\/www.theatrales-couserans.fr\"\r\n            },\r\n            \"offers\":\r\n            {\r\n                \"url\": \"https:\/\/infojeunes09.fr\/index.php\/events\/killed-the-monster-oust-evasion-19h\/\",\r\n                \"price\": \"$4.00\",\r\n                \"priceCurrency\": \"USD\",\r\n                \"availability\": \"https:\/\/schema.org\/InStock\",\r\n                \"validFrom\": \"2026-04-10T00:00\"\r\n            },\r\n            \"performer\": \"\",\r\n            \"description\": \" &lt;p&gt;Tarif Carte R\u00e9duc\u201909 : 4\u20ac&lt;br&gt;Vendredi 10 avril 2026, 19h \u00e0 Oust&lt;\/p&gt;    &lt;p&gt;Plus d&rsquo;infos : &lt;a href=&quot;https:\/\/www.theatrales-couserans.fr\/saison-printemps-2026\/i-killed-the-monster\/&quot; target=&quot;_blank&quot; rel=&quot;noreferrer noopener&quot;&gt;www.theatrales-couserans.fr\/saison-printemps-2026\/i-killed-the-monster\/&lt;\/a&gt;&lt;\/p&gt;    &lt;div class=&quot;figure&quot;&gt;&lt;\/div&gt; \",\r\n            \"image\": \"https:\/\/infojeunes09.fr\/wp-content\/uploads\/2026\/04\/2026-04-01-11_17_20-Pack-Comm-Google-Drive-\u2014-Mozilla-Firefox.jpg\",\r\n            \"name\": \"I killed the monster\",\r\n            \"url\": \"https:\/\/infojeunes09.fr\/index.php\/events\/killed-the-monster-oust-evasion-19h\/\"\r\n        }\r\n        <\/script>\r\n        <a class=\"mec-past-event event-single-link-novel\" data-event-id=\"6047\" href=\"https:\/\/infojeunes09.fr\/index.php\/events\/killed-the-monster-oust-evasion-19h\/\" ><div style=\"background:#e14d43\" class=\"mec-single-event-novel mec-event-article \"><h4 class=\"mec-event-title\">I killed the monster<\/h4><span class=\"mec-labels-normal\"><span data-style=\"Normal\" class=\"mec-label-normal mec-expired-normal-label\">Expired<\/span><\/span><\/div><\/a>        <script type=\"application\/ld+json\">\r\n        {\r\n            \"@context\": \"http:\/\/schema.org\",\r\n            \"@type\": \"Event\",\r\n            \"eventStatus\": \"https:\/\/schema.org\/EventScheduled\",\r\n            \"startDate\": \"2026-04-10\",\r\n            \"endDate\": \"2026-04-10\",\r\n            \"eventAttendanceMode\": \"https:\/\/schema.org\/OfflineEventAttendanceMode\",\r\n            \"location\":\r\n            {\r\n                \"@type\": \"Place\",\r\n                                \"name\": \"Oust\",\r\n                \"image\": \"\",\r\n                \"address\": \"\"\r\n                            },\r\n            \"organizer\":\r\n            {\r\n                \"@type\": \"Person\",\r\n                \"name\": \"Th\u00e9\u00e2trales\",\r\n                \"url\": \"https:\/\/www.theatrales-couserans.fr\"\r\n            },\r\n            \"offers\":\r\n            {\r\n                \"url\": \"https:\/\/infojeunes09.fr\/index.php\/events\/killed-the-monster-oust-evasion-20h30\/\",\r\n                \"price\": \"$4.00\",\r\n                \"priceCurrency\": \"USD\",\r\n                \"availability\": \"https:\/\/schema.org\/InStock\",\r\n                \"validFrom\": \"2026-04-10T00:00\"\r\n            },\r\n            \"performer\": \"\",\r\n            \"description\": \" &lt;p&gt;Tarif Carte Evasion Culture : 4\u20ac&lt;br&gt;Vendredi 10 avril 2026, 20h30 \u00e0 Oust&lt;\/p&gt;    &lt;p&gt;Plus d&rsquo;infos : &lt;a href=&quot;https:\/\/www.theatrales-couserans.fr\/saison-printemps-2026\/i-killed-the-monster\/&quot; target=&quot;_blank&quot; rel=&quot;noreferrer noopener&quot;&gt;www.theatrales-couserans.fr\/saison-printemps-2026\/i-killed-the-monster\/&lt;\/a&gt;&lt;\/p&gt;    &lt;div class=&quot;figure&quot;&gt;&lt;\/div&gt; \",\r\n            \"image\": \"https:\/\/infojeunes09.fr\/wp-content\/uploads\/2026\/04\/2026-04-01-11_17_20-Pack-Comm-Google-Drive-\u2014-Mozilla-Firefox.jpg\",\r\n            \"name\": \"I killed the monster\",\r\n            \"url\": \"https:\/\/infojeunes09.fr\/index.php\/events\/killed-the-monster-oust-evasion-20h30\/\"\r\n        }\r\n        <\/script>\r\n        <a class=\"mec-past-event event-single-link-novel\" data-event-id=\"6048\" href=\"https:\/\/infojeunes09.fr\/index.php\/events\/killed-the-monster-oust-evasion-20h30\/\" ><div style=\"background:#e14d43\" class=\"mec-single-event-novel mec-event-article \"><h4 class=\"mec-event-title\">I killed the monster<\/h4><span class=\"mec-labels-normal\"><span data-style=\"Normal\" class=\"mec-label-normal mec-expired-normal-label\">Expired<\/span><\/span><\/div><\/a><\/dt><dt class=\"mec-calendar-day\" data-mec-cell=\"20260411\" data-day=\"11\" data-month=\"202604\"><div class=\"mec-calendar-novel-selected-day\">11<\/div>        <script type=\"application\/ld+json\">\r\n        {\r\n            \"@context\": \"http:\/\/schema.org\",\r\n            \"@type\": \"Event\",\r\n            \"eventStatus\": \"https:\/\/schema.org\/EventScheduled\",\r\n            \"startDate\": \"2026-04-11\",\r\n            \"endDate\": \"2026-04-11\",\r\n            \"eventAttendanceMode\": \"https:\/\/schema.org\/OfflineEventAttendanceMode\",\r\n            \"location\":\r\n            {\r\n                \"@type\": \"Place\",\r\n                                \"name\": \"Labarre\",\r\n                \"image\": \"\",\r\n                \"address\": \"Labarre\"\r\n                            },\r\n            \"organizer\":\r\n            {\r\n                \"@type\": \"Person\",\r\n                \"name\": \"Estive\",\r\n                \"url\": \"http:\/\/www.lestive.com\"\r\n            },\r\n            \"offers\":\r\n            {\r\n                \"url\": \"https:\/\/infojeunes09.fr\/index.php\/events\/strano-cirque-trottola-labarre-sam\/\",\r\n                \"price\": \"$5.00\",\r\n                \"priceCurrency\": \"USD\",\r\n                \"availability\": \"https:\/\/schema.org\/InStock\",\r\n                \"validFrom\": \"2026-04-11T00:00\"\r\n            },\r\n            \"performer\": \"\",\r\n            \"description\": \" &lt;p&gt;Tarif Carte Evasion Culture : 5\u20ac&lt;br&gt;Samedi 11 avril 2026, \u00e0 20h30 sous chapiteau, Labarre.&lt;br&gt;&lt;br&gt;Plus d&rsquo;infos : &lt;a href=&quot;https:\/\/www.lestive.com\/evenement\/strano\/&quot; target=&quot;_blank&quot; rel=&quot;noreferrer noopener&quot;&gt;www.lestive.com\/evenement\/strano\/&lt;\/a&gt;&lt;\/p&gt;    &lt;div class=&quot;figure&quot;&gt;&lt;\/div&gt; \",\r\n            \"image\": \"https:\/\/infojeunes09.fr\/wp-content\/uploads\/2026\/03\/2026-03-27-10_21_53-Strano-photo-ronde.webp-Image-WEBP-733-\u00d7-733-pixels-\u2014-Mozilla-Firefox-1.jpg\",\r\n            \"name\": \"Strano &#8211; Cirque Trottola\",\r\n            \"url\": \"https:\/\/infojeunes09.fr\/index.php\/events\/strano-cirque-trottola-labarre-sam\/\"\r\n        }\r\n        <\/script>\r\n        <a class=\"mec-past-event event-single-link-novel\" data-event-id=\"6033\" href=\"https:\/\/infojeunes09.fr\/index.php\/events\/strano-cirque-trottola-labarre-sam\/\" ><div style=\"background:#e14d43\" class=\"mec-single-event-novel mec-event-article \"><h4 class=\"mec-event-title\">Strano &#8211; Cirque Trottola<\/h4><span class=\"mec-labels-normal\"><span data-style=\"Normal\" class=\"mec-label-normal mec-expired-normal-label\">Expired<\/span><\/span><\/div><\/a>        <script type=\"application\/ld+json\">\r\n        {\r\n            \"@context\": \"http:\/\/schema.org\",\r\n            \"@type\": \"Event\",\r\n            \"eventStatus\": \"https:\/\/schema.org\/EventScheduled\",\r\n            \"startDate\": \"2026-04-11\",\r\n            \"endDate\": \"2026-04-11\",\r\n            \"eventAttendanceMode\": \"https:\/\/schema.org\/OfflineEventAttendanceMode\",\r\n            \"location\":\r\n            {\r\n                \"@type\": \"Place\",\r\n                                \"name\": \"Foix\",\r\n                \"image\": \"\",\r\n                \"address\": \"Foix\"\r\n                            },\r\n            \"organizer\":\r\n            {\r\n                \"@type\": \"Person\",\r\n                \"name\": \"ArtCade\",\r\n                \"url\": \"https:\/\/www.art-cade.fr\"\r\n            },\r\n            \"offers\":\r\n            {\r\n                \"url\": \"https:\/\/infojeunes09.fr\/index.php\/events\/vaudougame-2026-foix\/\",\r\n                \"price\": \"$7.00\",\r\n                \"priceCurrency\": \"USD\",\r\n                \"availability\": \"https:\/\/schema.org\/InStock\",\r\n                \"validFrom\": \"2026-04-11T00:00\"\r\n            },\r\n            \"performer\": \"\",\r\n            \"description\": \" &lt;p&gt;Tarif Evasion : 7\u20ac&lt;br&gt;+ d&rsquo;infos : &lt;a href=&quot;https:\/\/www.art-cade.fr\/agenda\/foix-vaudou-game-nhacada-ori-kun\/&quot; target=&quot;_blank&quot; rel=&quot;noreferrer noopener&quot;&gt;https:\/\/www.art-cade.fr\/agenda\/foix-vaudou-game-nhacada-ori-kun\/&lt;\/a&gt;&lt;\/p&gt;    &lt;div class=&quot;figure&quot;&gt;&lt;\/div&gt; \",\r\n            \"image\": \"https:\/\/infojeunes09.fr\/wp-content\/uploads\/2025\/09\/vaudougame.jpg\",\r\n            \"name\": \"Vaudou Game +Nhacada + Ori Kun\",\r\n            \"url\": \"https:\/\/infojeunes09.fr\/index.php\/events\/vaudougame-2026-foix\/\"\r\n        }\r\n        <\/script>\r\n        <a class=\"mec-past-event event-single-link-novel\" data-event-id=\"5759\" href=\"https:\/\/infojeunes09.fr\/index.php\/events\/vaudougame-2026-foix\/\" ><div style=\"background:#e14d43\" class=\"mec-single-event-novel mec-event-article \"><h4 class=\"mec-event-title\">Vaudou Game +Nhacada + Ori Kun<\/h4><span class=\"mec-labels-normal\"><span data-style=\"Normal\" class=\"mec-label-normal mec-expired-normal-label\">Expired<\/span><\/span><\/div><\/a><\/dt><dt class=\"mec-calendar-day\" data-mec-cell=\"20260412\" data-day=\"12\" data-month=\"202604\">12<\/dt><\/dt><\/dl><dl class=\"mec-calendar-row\"><dt class=\"mec-calendar-day\" data-mec-cell=\"20260413\" data-day=\"13\" data-month=\"202604\">13<\/dt><\/dt><dt class=\"mec-calendar-day\" data-mec-cell=\"20260414\" data-day=\"14\" data-month=\"202604\"><div class=\"mec-calendar-novel-selected-day\">14<\/div>        <script type=\"application\/ld+json\">\r\n        {\r\n            \"@context\": \"http:\/\/schema.org\",\r\n            \"@type\": \"Event\",\r\n            \"eventStatus\": \"https:\/\/schema.org\/EventScheduled\",\r\n            \"startDate\": \"2026-04-14\",\r\n            \"endDate\": \"2026-04-14\",\r\n            \"eventAttendanceMode\": \"https:\/\/schema.org\/OfflineEventAttendanceMode\",\r\n            \"location\":\r\n            {\r\n                \"@type\": \"Place\",\r\n                                \"name\": \"Pamiers\",\r\n                \"image\": \"\",\r\n                \"address\": \"\"\r\n                            },\r\n            \"organizer\":\r\n            {\r\n                \"@type\": \"Person\",\r\n                \"name\": \"Th\u00e9\u00e2trales\",\r\n                \"url\": \"https:\/\/www.theatrales-couserans.fr\"\r\n            },\r\n            \"offers\":\r\n            {\r\n                \"url\": \"https:\/\/infojeunes09.fr\/index.php\/events\/je-suis-ma-maison-mima-evasion\/\",\r\n                \"price\": \"$5.00\",\r\n                \"priceCurrency\": \"USD\",\r\n                \"availability\": \"https:\/\/schema.org\/InStock\",\r\n                \"validFrom\": \"2026-04-14T00:00\"\r\n            },\r\n            \"performer\": \"\",\r\n            \"description\": \" &lt;p&gt;Tarif Carte Evasion : 5\u20ac&lt;br&gt;Mardi 14 avril 2026, 19h \u00e0 Pamiers (Salle du jeu de mail)&lt;\/p&gt;    &lt;p&gt;Plus d&rsquo;infos : https:\/\/mima-marionnette.com\/evenements\/je-suis-ma-maison\/&lt;\/p&gt;    &lt;div class=&quot;figure&quot;&gt;&lt;\/div&gt; \",\r\n            \"image\": \"https:\/\/infojeunes09.fr\/wp-content\/uploads\/2026\/03\/2026-03-31-16_43_10-MIMA-Je-suis-ma-maison-\u2014-Mozilla-Firefox.jpg\",\r\n            \"name\": \"Je suis ma maison\",\r\n            \"url\": \"https:\/\/infojeunes09.fr\/index.php\/events\/je-suis-ma-maison-mima-evasion\/\"\r\n        }\r\n        <\/script>\r\n        <a class=\"mec-past-event event-single-link-novel\" data-event-id=\"6084\" href=\"https:\/\/infojeunes09.fr\/index.php\/events\/je-suis-ma-maison-mima-evasion\/\" ><div style=\"background:#e14d43\" class=\"mec-single-event-novel mec-event-article \"><h4 class=\"mec-event-title\">Je suis ma maison<\/h4><span class=\"mec-labels-normal\"><span data-style=\"Normal\" class=\"mec-label-normal mec-expired-normal-label\">Expired<\/span><\/span><\/div><\/a>        <script type=\"application\/ld+json\">\r\n        {\r\n            \"@context\": \"http:\/\/schema.org\",\r\n            \"@type\": \"Event\",\r\n            \"eventStatus\": \"https:\/\/schema.org\/EventScheduled\",\r\n            \"startDate\": \"2026-04-14\",\r\n            \"endDate\": \"2026-04-14\",\r\n            \"eventAttendanceMode\": \"https:\/\/schema.org\/OfflineEventAttendanceMode\",\r\n            \"location\":\r\n            {\r\n                \"@type\": \"Place\",\r\n                                \"name\": \"Labarre\",\r\n                \"image\": \"\",\r\n                \"address\": \"Labarre\"\r\n                            },\r\n            \"organizer\":\r\n            {\r\n                \"@type\": \"Person\",\r\n                \"name\": \"Estive\",\r\n                \"url\": \"http:\/\/www.lestive.com\"\r\n            },\r\n            \"offers\":\r\n            {\r\n                \"url\": \"https:\/\/infojeunes09.fr\/index.php\/events\/strano-cirque-trottola-labarre-mar-346\/\",\r\n                \"price\": \"$5.00\",\r\n                \"priceCurrency\": \"USD\",\r\n                \"availability\": \"https:\/\/schema.org\/InStock\",\r\n                \"validFrom\": \"2026-04-14T00:00\"\r\n            },\r\n            \"performer\": \"\",\r\n            \"description\": \" &lt;p&gt;Tarif Carte R\u00e9duc&rsquo;09 : 5\u20ac&lt;br&gt;Mardi 14 avril 2026, \u00e0 20h30 sous chapiteau, Labarre.&lt;br&gt;&lt;br&gt;Plus d&rsquo;infos : &lt;a href=&quot;https:\/\/www.lestive.com\/evenement\/strano\/&quot; target=&quot;_blank&quot; rel=&quot;noreferrer noopener&quot;&gt;www.lestive.com\/evenement\/strano\/&lt;\/a&gt;&lt;\/p&gt;    &lt;div class=&quot;figure&quot;&gt;&lt;\/div&gt; \",\r\n            \"image\": \"https:\/\/infojeunes09.fr\/wp-content\/uploads\/2026\/03\/2026-03-27-10_21_53-Strano-photo-ronde.webp-Image-WEBP-733-\u00d7-733-pixels-\u2014-Mozilla-Firefox.jpg\",\r\n            \"name\": \"Strano &#8211; Cirque Trottola\",\r\n            \"url\": \"https:\/\/infojeunes09.fr\/index.php\/events\/strano-cirque-trottola-labarre-mar-346\/\"\r\n        }\r\n        <\/script>\r\n        <a class=\"mec-past-event event-single-link-novel\" data-event-id=\"6036\" href=\"https:\/\/infojeunes09.fr\/index.php\/events\/strano-cirque-trottola-labarre-mar-346\/\" ><div style=\"background:#e14d43\" class=\"mec-single-event-novel mec-event-article \"><h4 class=\"mec-event-title\">Strano &#8211; Cirque Trottola<\/h4><span class=\"mec-labels-normal\"><span data-style=\"Normal\" class=\"mec-label-normal mec-expired-normal-label\">Expired<\/span><\/span><\/div><\/a><\/dt><dt class=\"mec-calendar-day\" data-mec-cell=\"20260415\" data-day=\"15\" data-month=\"202604\"><div class=\"mec-calendar-novel-selected-day\">15<\/div>        <script type=\"application\/ld+json\">\r\n        {\r\n            \"@context\": \"http:\/\/schema.org\",\r\n            \"@type\": \"Event\",\r\n            \"eventStatus\": \"https:\/\/schema.org\/EventScheduled\",\r\n            \"startDate\": \"2026-04-15\",\r\n            \"endDate\": \"2026-04-15\",\r\n            \"eventAttendanceMode\": \"https:\/\/schema.org\/OfflineEventAttendanceMode\",\r\n            \"location\":\r\n            {\r\n                \"@type\": \"Place\",\r\n                                \"name\": \"Labarre\",\r\n                \"image\": \"\",\r\n                \"address\": \"Labarre\"\r\n                            },\r\n            \"organizer\":\r\n            {\r\n                \"@type\": \"Person\",\r\n                \"name\": \"Estive\",\r\n                \"url\": \"http:\/\/www.lestive.com\"\r\n            },\r\n            \"offers\":\r\n            {\r\n                \"url\": \"https:\/\/infojeunes09.fr\/index.php\/events\/strano-cirque-trottola-labarre-mer\/\",\r\n                \"price\": \"$5.00\",\r\n                \"priceCurrency\": \"USD\",\r\n                \"availability\": \"https:\/\/schema.org\/InStock\",\r\n                \"validFrom\": \"2026-04-15T00:00\"\r\n            },\r\n            \"performer\": \"\",\r\n            \"description\": \" &lt;p&gt;Tarif Carte R\u00e9duc&rsquo;09 : 5\u20ac&lt;br&gt;Mercredi 15 avril 2026, \u00e0 20h30 sous chapiteau, Labarre.&lt;br&gt;&lt;br&gt;Plus d&rsquo;infos : &lt;a href=&quot;https:\/\/www.lestive.com\/evenement\/strano\/&quot; target=&quot;_blank&quot; rel=&quot;noreferrer noopener&quot;&gt;www.lestive.com\/evenement\/strano\/&lt;\/a&gt;&lt;\/p&gt;    &lt;div class=&quot;figure&quot;&gt;&lt;\/div&gt; \",\r\n            \"image\": \"https:\/\/infojeunes09.fr\/wp-content\/uploads\/2026\/03\/2026-03-27-10_21_53-Strano-photo-ronde.webp-Image-WEBP-733-\u00d7-733-pixels-\u2014-Mozilla-Firefox.jpg\",\r\n            \"name\": \"Strano &#8211; Cirque Trottola\",\r\n            \"url\": \"https:\/\/infojeunes09.fr\/index.php\/events\/strano-cirque-trottola-labarre-mer\/\"\r\n        }\r\n        <\/script>\r\n        <a class=\"mec-past-event event-single-link-novel\" data-event-id=\"6037\" href=\"https:\/\/infojeunes09.fr\/index.php\/events\/strano-cirque-trottola-labarre-mer\/\" ><div style=\"background:#e14d43\" class=\"mec-single-event-novel mec-event-article \"><h4 class=\"mec-event-title\">Strano &#8211; Cirque Trottola<\/h4><span class=\"mec-labels-normal\"><span data-style=\"Normal\" class=\"mec-label-normal mec-expired-normal-label\">Expired<\/span><\/span><\/div><\/a><\/dt><dt class=\"mec-calendar-day\" data-mec-cell=\"20260416\" data-day=\"16\" data-month=\"202604\">16<\/dt><\/dt><dt class=\"mec-calendar-day\" data-mec-cell=\"20260417\" data-day=\"17\" data-month=\"202604\"><div class=\"mec-calendar-novel-selected-day\">17<\/div>        <script type=\"application\/ld+json\">\r\n        {\r\n            \"@context\": \"http:\/\/schema.org\",\r\n            \"@type\": \"Event\",\r\n            \"eventStatus\": \"https:\/\/schema.org\/EventScheduled\",\r\n            \"startDate\": \"2026-04-17\",\r\n            \"endDate\": \"2026-04-17\",\r\n            \"eventAttendanceMode\": \"https:\/\/schema.org\/OfflineEventAttendanceMode\",\r\n            \"location\":\r\n            {\r\n                \"@type\": \"Place\",\r\n                                \"name\": \"Labarre\",\r\n                \"image\": \"\",\r\n                \"address\": \"Labarre\"\r\n                            },\r\n            \"organizer\":\r\n            {\r\n                \"@type\": \"Person\",\r\n                \"name\": \"Estive\",\r\n                \"url\": \"http:\/\/www.lestive.com\"\r\n            },\r\n            \"offers\":\r\n            {\r\n                \"url\": \"https:\/\/infojeunes09.fr\/index.php\/events\/strano-cirque-trottola-labarre-ven\/\",\r\n                \"price\": \"$5.00\",\r\n                \"priceCurrency\": \"USD\",\r\n                \"availability\": \"https:\/\/schema.org\/InStock\",\r\n                \"validFrom\": \"2026-04-17T00:00\"\r\n            },\r\n            \"performer\": \"\",\r\n            \"description\": \" &lt;p&gt;Tarif Carte R\u00e9duc&rsquo;09 : 5\u20ac&lt;br&gt;Vendredi 17 avril 2026, \u00e0 20h30 sous chapiteau, Labarre.&lt;br&gt;&lt;br&gt;Plus d&rsquo;infos : &lt;a href=&quot;https:\/\/www.lestive.com\/evenement\/strano\/&quot; target=&quot;_blank&quot; rel=&quot;noreferrer noopener&quot;&gt;www.lestive.com\/evenement\/strano\/&lt;\/a&gt;&lt;\/p&gt;    &lt;div class=&quot;figure&quot;&gt;&lt;\/div&gt; \",\r\n            \"image\": \"https:\/\/infojeunes09.fr\/wp-content\/uploads\/2026\/03\/2026-03-27-10_21_53-Strano-photo-ronde.webp-Image-WEBP-733-\u00d7-733-pixels-\u2014-Mozilla-Firefox.jpg\",\r\n            \"name\": \"Strano &#8211; Cirque Trottola\",\r\n            \"url\": \"https:\/\/infojeunes09.fr\/index.php\/events\/strano-cirque-trottola-labarre-ven\/\"\r\n        }\r\n        <\/script>\r\n        <a class=\"mec-past-event event-single-link-novel\" data-event-id=\"6038\" href=\"https:\/\/infojeunes09.fr\/index.php\/events\/strano-cirque-trottola-labarre-ven\/\" ><div style=\"background:#e14d43\" class=\"mec-single-event-novel mec-event-article \"><h4 class=\"mec-event-title\">Strano &#8211; Cirque Trottola<\/h4><span class=\"mec-labels-normal\"><span data-style=\"Normal\" class=\"mec-label-normal mec-expired-normal-label\">Expired<\/span><\/span><\/div><\/a><\/dt><dt class=\"mec-calendar-day\" data-mec-cell=\"20260418\" data-day=\"18\" data-month=\"202604\"><div class=\"mec-calendar-novel-selected-day\">18<\/div>        <script type=\"application\/ld+json\">\r\n        {\r\n            \"@context\": \"http:\/\/schema.org\",\r\n            \"@type\": \"Event\",\r\n            \"eventStatus\": \"https:\/\/schema.org\/EventScheduled\",\r\n            \"startDate\": \"2026-04-18\",\r\n            \"endDate\": \"2026-04-18\",\r\n            \"eventAttendanceMode\": \"https:\/\/schema.org\/OfflineEventAttendanceMode\",\r\n            \"location\":\r\n            {\r\n                \"@type\": \"Place\",\r\n                                \"name\": \"Daumazan\",\r\n                \"image\": \"\",\r\n                \"address\": \"Salle L\u00e9o Ferr\u00e9\"\r\n                            },\r\n            \"organizer\":\r\n            {\r\n                \"@type\": \"Person\",\r\n                \"name\": \"Th\u00e9\u00e2trales\",\r\n                \"url\": \"https:\/\/www.theatrales-couserans.fr\"\r\n            },\r\n            \"offers\":\r\n            {\r\n                \"url\": \"https:\/\/infojeunes09.fr\/index.php\/events\/latitudes-arlesie-evasion\/\",\r\n                \"price\": \"\",\r\n                \"priceCurrency\": \"USD\",\r\n                \"availability\": \"https:\/\/schema.org\/InStock\",\r\n                \"validFrom\": \"2026-04-18T00:00\"\r\n            },\r\n            \"performer\": \"\",\r\n            \"description\": \" &lt;p&gt;Tarif Carte Evasion : 6,50\u20ac&lt;br&gt;Samedi 18 avril 2026, 19h \u00e0 Daumazan (salle L\u00e9o Ferr\u00e9)&lt;\/p&gt;    &lt;p&gt;Plus d&rsquo;infos : &lt;a href=&quot;https:\/\/www.arlesie.asso.fr\/2026\/03\/25\/macbeth-hors-champ-dapres-shakespeare-2-2-2-2-2-2-2-2-2-2-2\/&quot; target=&quot;_blank&quot; rel=&quot;noreferrer noopener&quot;&gt;www.arlesie.asso.fr\/2026\/03\/25\/macbeth-hors-champ-dapres-shakespeare&lt;\/a&gt;&lt;\/p&gt;    &lt;div class=&quot;figure&quot;&gt;&lt;\/div&gt; \",\r\n            \"image\": \"https:\/\/infojeunes09.fr\/wp-content\/uploads\/2026\/03\/2026-03-31-16_54_50-2025Jan12_Latitudes_Georges-Cier-06830-1024x576.jpg-Image-JPEG-1024-\u00d7-576-pixe.jpg\",\r\n            \"name\": \"Latitudes\",\r\n            \"url\": \"https:\/\/infojeunes09.fr\/index.php\/events\/latitudes-arlesie-evasion\/\"\r\n        }\r\n        <\/script>\r\n        <a class=\"mec-past-event event-single-link-novel\" data-event-id=\"6086\" href=\"https:\/\/infojeunes09.fr\/index.php\/events\/latitudes-arlesie-evasion\/\" ><div style=\"background:#e14d43\" class=\"mec-single-event-novel mec-event-article \"><h4 class=\"mec-event-title\">Latitudes<\/h4><span class=\"mec-labels-normal\"><span data-style=\"Normal\" class=\"mec-label-normal mec-expired-normal-label\">Expired<\/span><\/span><\/div><\/a>        <script type=\"application\/ld+json\">\r\n        {\r\n            \"@context\": \"http:\/\/schema.org\",\r\n            \"@type\": \"Event\",\r\n            \"eventStatus\": \"https:\/\/schema.org\/EventScheduled\",\r\n            \"startDate\": \"2026-04-18\",\r\n            \"endDate\": \"2026-04-18\",\r\n            \"eventAttendanceMode\": \"https:\/\/schema.org\/OfflineEventAttendanceMode\",\r\n            \"location\":\r\n            {\r\n                \"@type\": \"Place\",\r\n                                \"name\": \"Labarre\",\r\n                \"image\": \"\",\r\n                \"address\": \"Labarre\"\r\n                            },\r\n            \"organizer\":\r\n            {\r\n                \"@type\": \"Person\",\r\n                \"name\": \"Estive\",\r\n                \"url\": \"http:\/\/www.lestive.com\"\r\n            },\r\n            \"offers\":\r\n            {\r\n                \"url\": \"https:\/\/infojeunes09.fr\/index.php\/events\/strano-cirque-trottola-labarre-sam-2\/\",\r\n                \"price\": \"$5.00\",\r\n                \"priceCurrency\": \"USD\",\r\n                \"availability\": \"https:\/\/schema.org\/InStock\",\r\n                \"validFrom\": \"2026-04-18T00:00\"\r\n            },\r\n            \"performer\": \"\",\r\n            \"description\": \" &lt;p&gt;Tarif Carte R\u00e9duc&rsquo;09 : 5\u20ac&lt;br&gt;Samedi 18 avril 2026, \u00e0 19h30 sous chapiteau, Labarre.&lt;br&gt;&lt;br&gt;Plus d&rsquo;infos : &lt;a href=&quot;https:\/\/www.lestive.com\/evenement\/strano\/&quot; target=&quot;_blank&quot; rel=&quot;noreferrer noopener&quot;&gt;www.lestive.com\/evenement\/strano\/&lt;\/a&gt;&lt;\/p&gt;    &lt;div class=&quot;figure&quot;&gt;&lt;\/div&gt; \",\r\n            \"image\": \"https:\/\/infojeunes09.fr\/wp-content\/uploads\/2026\/03\/2026-03-27-10_21_53-Strano-photo-ronde.webp-Image-WEBP-733-\u00d7-733-pixels-\u2014-Mozilla-Firefox.jpg\",\r\n            \"name\": \"Strano &#8211; Cirque Trottola\",\r\n            \"url\": \"https:\/\/infojeunes09.fr\/index.php\/events\/strano-cirque-trottola-labarre-sam-2\/\"\r\n        }\r\n        <\/script>\r\n        <a class=\"mec-past-event event-single-link-novel\" data-event-id=\"6039\" href=\"https:\/\/infojeunes09.fr\/index.php\/events\/strano-cirque-trottola-labarre-sam-2\/\" ><div style=\"background:#e14d43\" class=\"mec-single-event-novel mec-event-article \"><h4 class=\"mec-event-title\">Strano &#8211; Cirque Trottola<\/h4><span class=\"mec-labels-normal\"><span data-style=\"Normal\" class=\"mec-label-normal mec-expired-normal-label\">Expired<\/span><\/span><\/div><\/a><\/dt><dt class=\"mec-calendar-day\" data-mec-cell=\"20260419\" data-day=\"19\" data-month=\"202604\">19<\/dt><\/dt><\/dl><dl class=\"mec-calendar-row\"><dt class=\"mec-calendar-day\" data-mec-cell=\"20260420\" data-day=\"20\" data-month=\"202604\">20<\/dt><\/dt><dt class=\"mec-calendar-day\" data-mec-cell=\"20260421\" data-day=\"21\" data-month=\"202604\">21<\/dt><\/dt><dt class=\"mec-calendar-day\" data-mec-cell=\"20260422\" data-day=\"22\" data-month=\"202604\">22<\/dt><\/dt><dt class=\"mec-calendar-day\" data-mec-cell=\"20260423\" data-day=\"23\" data-month=\"202604\">23<\/dt><\/dt><dt class=\"mec-calendar-day\" data-mec-cell=\"20260424\" data-day=\"24\" data-month=\"202604\">24<\/dt><\/dt><dt class=\"mec-calendar-day\" data-mec-cell=\"20260425\" data-day=\"25\" data-month=\"202604\"><div class=\"mec-calendar-novel-selected-day\">25<\/div>        <script type=\"application\/ld+json\">\r\n        {\r\n            \"@context\": \"http:\/\/schema.org\",\r\n            \"@type\": \"Event\",\r\n            \"eventStatus\": \"https:\/\/schema.org\/EventScheduled\",\r\n            \"startDate\": \"2026-04-25\",\r\n            \"endDate\": \"2026-04-25\",\r\n            \"eventAttendanceMode\": \"https:\/\/schema.org\/OfflineEventAttendanceMode\",\r\n            \"location\":\r\n            {\r\n                \"@type\": \"Place\",\r\n                                \"name\": \"Sainte-Croix-Volvestre\",\r\n                \"image\": \"\",\r\n                \"address\": \"\"\r\n                            },\r\n            \"organizer\":\r\n            {\r\n                \"@type\": \"Person\",\r\n                \"name\": \"ArtCade\",\r\n                \"url\": \"https:\/\/www.art-cade.fr\"\r\n            },\r\n            \"offers\":\r\n            {\r\n                \"url\": \"https:\/\/infojeunes09.fr\/index.php\/events\/vaudougame-2026-foix-910\/\",\r\n                \"price\": \"$6.00\",\r\n                \"priceCurrency\": \"USD\",\r\n                \"availability\": \"https:\/\/schema.org\/InStock\",\r\n                \"validFrom\": \"2026-04-25T00:00\"\r\n            },\r\n            \"performer\": \"\",\r\n            \"description\": \" &lt;p&gt;Tarif Evasion : 7\u20ac&lt;br&gt;+ d&rsquo;infos : &lt;a href=&quot;https:\/\/www.art-cade.fr\/agenda\/ste-croix-volvestre-old-school-funky-family-les-fils-de-la-chose\/&quot; target=&quot;_blank&quot; rel=&quot;noreferrer noopener&quot;&gt;https:\/\/www.art-cade.fr\/agenda\/ste-croix-volvestre-old-school-funky-family-les-fils-de-la-chose\/&lt;\/a&gt;&lt;\/p&gt;    &lt;div class=&quot;figure&quot;&gt;&lt;\/div&gt; \",\r\n            \"image\": \"https:\/\/infojeunes09.fr\/wp-content\/uploads\/2026\/03\/2026-03-31-17_06_10-OSFF.png-Image-PNG-5250-\u00d7-1500-pixels-Redimensionnee-36-\u2014-Mozilla-Firefo.jpg\",\r\n            \"name\": \"Old School Funky Family + Les fils de la chose\",\r\n            \"url\": \"https:\/\/infojeunes09.fr\/index.php\/events\/vaudougame-2026-foix-910\/\"\r\n        }\r\n        <\/script>\r\n        <a class=\"mec-past-event event-single-link-novel\" data-event-id=\"6089\" href=\"https:\/\/infojeunes09.fr\/index.php\/events\/vaudougame-2026-foix-910\/\" ><div style=\"background:#e14d43\" class=\"mec-single-event-novel mec-event-article \"><h4 class=\"mec-event-title\">Old School Funky Family + Les fils de la chose<\/h4><span class=\"mec-labels-normal\"><span data-style=\"Normal\" class=\"mec-label-normal mec-expired-normal-label\">Expired<\/span><\/span><\/div><\/a><\/dt><dt class=\"mec-calendar-day\" data-mec-cell=\"20260426\" data-day=\"26\" data-month=\"202604\">26<\/dt><\/dt><\/dl><dl class=\"mec-calendar-row\"><dt class=\"mec-calendar-day\" data-mec-cell=\"20260427\" data-day=\"27\" data-month=\"202604\">27<\/dt><\/dt><dt class=\"mec-calendar-day\" data-mec-cell=\"20260428\" data-day=\"28\" data-month=\"202604\">28<\/dt><\/dt><dt class=\"mec-calendar-day\" data-mec-cell=\"20260429\" data-day=\"29\" data-month=\"202604\">29<\/dt><\/dt><dt class=\"mec-calendar-day mec-selected-day\" data-mec-cell=\"20260430\" data-day=\"30\" data-month=\"202604\">30<\/dt><\/dt><dt class=\"mec-table-nullday\">1<\/dt><dt class=\"mec-table-nullday\">2<\/dt><dt class=\"mec-table-nullday\">3<\/dt><\/dl><\/div>\r\n            <\/div>\r\n        <\/div>\r\n            <\/div>\r\n    \r\n<\/div>\t\t\t\t\t\t\t\t<\/div>\n\t\t\t\t<\/div>\n\t\t\t\t\t<\/div>\n\t\t<\/div>\n\t\t\t\t\t<\/div>\n\t\t<\/section>\n\t\t\t\t<\/div>\n\t\t","protected":false},"excerpt":{"rendered":"<p>L&rsquo;agenda Retrouvez les \u00e9v\u00e9nements jeunesses \u00e0 ne pas rater en Ari\u00e8ge !<\/p>\n","protected":false},"author":1,"featured_media":0,"parent":9,"menu_order":0,"comment_status":"closed","ping_status":"closed","template":"","meta":{"_bbp_topic_count":0,"_bbp_reply_count":0,"_bbp_total_topic_count":0,"_bbp_total_reply_count":0,"_bbp_voice_count":0,"_bbp_anonymous_reply_count":0,"_bbp_topic_count_hidden":0,"_bbp_reply_count_hidden":0,"_bbp_forum_subforum_count":0,"footnotes":""},"class_list":["post-231","page","type-page","status-publish","hentry"],"yoast_head":"<!-- This site is optimized with the Yoast SEO plugin v27.0 - https:\/\/yoast.com\/product\/yoast-seo-wordpress\/ -->\n<title>Agenda culturel - InfoJeunes Ari\u00e8ge et Agglo Foix-Varilhes<\/title>\n<meta name=\"robots\" content=\"index, follow, max-snippet:-1, max-image-preview:large, max-video-preview:-1\" \/>\n<link rel=\"canonical\" href=\"https:\/\/infojeunes09.fr\/index.php\/se-distraire\/agenda-culturel\/\" \/>\n<meta property=\"og:locale\" content=\"fr_FR\" \/>\n<meta property=\"og:type\" content=\"article\" \/>\n<meta property=\"og:title\" content=\"Agenda culturel - InfoJeunes Ari\u00e8ge et Agglo Foix-Varilhes\" \/>\n<meta property=\"og:description\" content=\"L&rsquo;agenda Retrouvez les \u00e9v\u00e9nements jeunesses \u00e0 ne pas rater en Ari\u00e8ge !\" \/>\n<meta property=\"og:url\" content=\"https:\/\/infojeunes09.fr\/index.php\/se-distraire\/agenda-culturel\/\" \/>\n<meta property=\"og:site_name\" content=\"InfoJeunes Ari\u00e8ge et Agglo Foix-Varilhes\" \/>\n<meta property=\"article:publisher\" content=\"https:\/\/www.facebook.com\/Infojeunes09\/\" \/>\n<meta property=\"article:modified_time\" content=\"2022-06-07T14:32:15+00:00\" \/>\n<meta name=\"twitter:card\" content=\"summary_large_image\" \/>\n<script type=\"application\/ld+json\" class=\"yoast-schema-graph\">{\"@context\":\"https:\/\/schema.org\",\"@graph\":[{\"@type\":\"WebPage\",\"@id\":\"https:\/\/infojeunes09.fr\/index.php\/se-distraire\/agenda-culturel\/\",\"url\":\"https:\/\/infojeunes09.fr\/index.php\/se-distraire\/agenda-culturel\/\",\"name\":\"Agenda culturel - InfoJeunes Ari\u00e8ge et Agglo Foix-Varilhes\",\"isPartOf\":{\"@id\":\"https:\/\/infojeunes09.fr\/#website\"},\"datePublished\":\"2021-10-05T09:22:50+00:00\",\"dateModified\":\"2022-06-07T14:32:15+00:00\",\"breadcrumb\":{\"@id\":\"https:\/\/infojeunes09.fr\/index.php\/se-distraire\/agenda-culturel\/#breadcrumb\"},\"inLanguage\":\"fr-FR\",\"potentialAction\":[{\"@type\":\"ReadAction\",\"target\":[\"https:\/\/infojeunes09.fr\/index.php\/se-distraire\/agenda-culturel\/\"]}]},{\"@type\":\"BreadcrumbList\",\"@id\":\"https:\/\/infojeunes09.fr\/index.php\/se-distraire\/agenda-culturel\/#breadcrumb\",\"itemListElement\":[{\"@type\":\"ListItem\",\"position\":1,\"name\":\"Accueil\",\"item\":\"https:\/\/infojeunes09.fr\/\"},{\"@type\":\"ListItem\",\"position\":2,\"name\":\"Se distraire\",\"item\":\"https:\/\/infojeunes09.fr\/index.php\/se-distraire\/\"},{\"@type\":\"ListItem\",\"position\":3,\"name\":\"Agenda culturel\"}]},{\"@type\":\"WebSite\",\"@id\":\"https:\/\/infojeunes09.fr\/#website\",\"url\":\"https:\/\/infojeunes09.fr\/\",\"name\":\"InfoJeunes Ari\u00e8ge et Agglo Foix-Varilhes\",\"description\":\"Explorer les possibles\",\"publisher\":{\"@id\":\"https:\/\/infojeunes09.fr\/#organization\"},\"potentialAction\":[{\"@type\":\"SearchAction\",\"target\":{\"@type\":\"EntryPoint\",\"urlTemplate\":\"https:\/\/infojeunes09.fr\/?s={search_term_string}\"},\"query-input\":{\"@type\":\"PropertyValueSpecification\",\"valueRequired\":true,\"valueName\":\"search_term_string\"}}],\"inLanguage\":\"fr-FR\"},{\"@type\":\"Organization\",\"@id\":\"https:\/\/infojeunes09.fr\/#organization\",\"name\":\"InfoJeunes Agglo Foix-Varilhes et Ari\u00e8ge\",\"url\":\"https:\/\/infojeunes09.fr\/\",\"logo\":{\"@type\":\"ImageObject\",\"inLanguage\":\"fr-FR\",\"@id\":\"https:\/\/infojeunes09.fr\/#\/schema\/logo\/image\/\",\"url\":\"https:\/\/infojeunes09.fr\/wp-content\/uploads\/2022\/07\/logo-bleu-Agglo-Foix-Varilhes-et-ariege@2x.png\",\"contentUrl\":\"https:\/\/infojeunes09.fr\/wp-content\/uploads\/2022\/07\/logo-bleu-Agglo-Foix-Varilhes-et-ariege@2x.png\",\"width\":800,\"height\":400,\"caption\":\"InfoJeunes Agglo Foix-Varilhes et Ari\u00e8ge\"},\"image\":{\"@id\":\"https:\/\/infojeunes09.fr\/#\/schema\/logo\/image\/\"},\"sameAs\":[\"https:\/\/www.facebook.com\/Infojeunes09\/\",\"https:\/\/www.instagram.com\/infojeunes09\/\"]}]}<\/script>\n<!-- \/ Yoast SEO plugin. -->","yoast_head_json":{"title":"Agenda culturel - InfoJeunes Ari\u00e8ge et Agglo Foix-Varilhes","robots":{"index":"index","follow":"follow","max-snippet":"max-snippet:-1","max-image-preview":"max-image-preview:large","max-video-preview":"max-video-preview:-1"},"canonical":"https:\/\/infojeunes09.fr\/index.php\/se-distraire\/agenda-culturel\/","og_locale":"fr_FR","og_type":"article","og_title":"Agenda culturel - InfoJeunes Ari\u00e8ge et Agglo Foix-Varilhes","og_description":"L&rsquo;agenda Retrouvez les \u00e9v\u00e9nements jeunesses \u00e0 ne pas rater en Ari\u00e8ge !","og_url":"https:\/\/infojeunes09.fr\/index.php\/se-distraire\/agenda-culturel\/","og_site_name":"InfoJeunes Ari\u00e8ge et Agglo Foix-Varilhes","article_publisher":"https:\/\/www.facebook.com\/Infojeunes09\/","article_modified_time":"2022-06-07T14:32:15+00:00","twitter_card":"summary_large_image","schema":{"@context":"https:\/\/schema.org","@graph":[{"@type":"WebPage","@id":"https:\/\/infojeunes09.fr\/index.php\/se-distraire\/agenda-culturel\/","url":"https:\/\/infojeunes09.fr\/index.php\/se-distraire\/agenda-culturel\/","name":"Agenda culturel - InfoJeunes Ari\u00e8ge et Agglo Foix-Varilhes","isPartOf":{"@id":"https:\/\/infojeunes09.fr\/#website"},"datePublished":"2021-10-05T09:22:50+00:00","dateModified":"2022-06-07T14:32:15+00:00","breadcrumb":{"@id":"https:\/\/infojeunes09.fr\/index.php\/se-distraire\/agenda-culturel\/#breadcrumb"},"inLanguage":"fr-FR","potentialAction":[{"@type":"ReadAction","target":["https:\/\/infojeunes09.fr\/index.php\/se-distraire\/agenda-culturel\/"]}]},{"@type":"BreadcrumbList","@id":"https:\/\/infojeunes09.fr\/index.php\/se-distraire\/agenda-culturel\/#breadcrumb","itemListElement":[{"@type":"ListItem","position":1,"name":"Accueil","item":"https:\/\/infojeunes09.fr\/"},{"@type":"ListItem","position":2,"name":"Se distraire","item":"https:\/\/infojeunes09.fr\/index.php\/se-distraire\/"},{"@type":"ListItem","position":3,"name":"Agenda culturel"}]},{"@type":"WebSite","@id":"https:\/\/infojeunes09.fr\/#website","url":"https:\/\/infojeunes09.fr\/","name":"InfoJeunes Ari\u00e8ge et Agglo Foix-Varilhes","description":"Explorer les possibles","publisher":{"@id":"https:\/\/infojeunes09.fr\/#organization"},"potentialAction":[{"@type":"SearchAction","target":{"@type":"EntryPoint","urlTemplate":"https:\/\/infojeunes09.fr\/?s={search_term_string}"},"query-input":{"@type":"PropertyValueSpecification","valueRequired":true,"valueName":"search_term_string"}}],"inLanguage":"fr-FR"},{"@type":"Organization","@id":"https:\/\/infojeunes09.fr\/#organization","name":"InfoJeunes Agglo Foix-Varilhes et Ari\u00e8ge","url":"https:\/\/infojeunes09.fr\/","logo":{"@type":"ImageObject","inLanguage":"fr-FR","@id":"https:\/\/infojeunes09.fr\/#\/schema\/logo\/image\/","url":"https:\/\/infojeunes09.fr\/wp-content\/uploads\/2022\/07\/logo-bleu-Agglo-Foix-Varilhes-et-ariege@2x.png","contentUrl":"https:\/\/infojeunes09.fr\/wp-content\/uploads\/2022\/07\/logo-bleu-Agglo-Foix-Varilhes-et-ariege@2x.png","width":800,"height":400,"caption":"InfoJeunes Agglo Foix-Varilhes et Ari\u00e8ge"},"image":{"@id":"https:\/\/infojeunes09.fr\/#\/schema\/logo\/image\/"},"sameAs":["https:\/\/www.facebook.com\/Infojeunes09\/","https:\/\/www.instagram.com\/infojeunes09\/"]}]}},"_links":{"self":[{"href":"https:\/\/infojeunes09.fr\/index.php\/wp-json\/wp\/v2\/pages\/231","targetHints":{"allow":["GET"]}}],"collection":[{"href":"https:\/\/infojeunes09.fr\/index.php\/wp-json\/wp\/v2\/pages"}],"about":[{"href":"https:\/\/infojeunes09.fr\/index.php\/wp-json\/wp\/v2\/types\/page"}],"author":[{"embeddable":true,"href":"https:\/\/infojeunes09.fr\/index.php\/wp-json\/wp\/v2\/users\/1"}],"replies":[{"embeddable":true,"href":"https:\/\/infojeunes09.fr\/index.php\/wp-json\/wp\/v2\/comments?post=231"}],"version-history":[{"count":4,"href":"https:\/\/infojeunes09.fr\/index.php\/wp-json\/wp\/v2\/pages\/231\/revisions"}],"predecessor-version":[{"id":2407,"href":"https:\/\/infojeunes09.fr\/index.php\/wp-json\/wp\/v2\/pages\/231\/revisions\/2407"}],"up":[{"embeddable":true,"href":"https:\/\/infojeunes09.fr\/index.php\/wp-json\/wp\/v2\/pages\/9"}],"wp:attachment":[{"href":"https:\/\/infojeunes09.fr\/index.php\/wp-json\/wp\/v2\/media?parent=231"}],"curies":[{"name":"wp","href":"https:\/\/api.w.org\/{rel}","templated":true}]}}