{"id":765,"date":"2021-11-05T16:36:36","date_gmt":"2021-11-05T15:36:36","guid":{"rendered":"http:\/\/infojeunes09.org\/?post_type=product&#038;p=765"},"modified":"2025-09-24T16:56:05","modified_gmt":"2025-09-24T14:56:05","slug":"chambre-meuble-foix-300e","status":"publish","type":"product","link":"https:\/\/infojeunes09.fr\/index.php\/produit\/chambre-meuble-foix-300e\/","title":{"rendered":"Chambre n\u00b0155.1 | meubl\u00e9 | Foix | 300\u20ac"},"content":{"rendered":"\r\n<figure class=\"wp-block-table is-style-stripes\">\r\n<table>\r\n<tbody>\r\n<tr>\r\n<td>Num\u00e9ro de l&rsquo;offre<\/td>\r\n<td class=\"has-text-align-left\" data-align=\"left\">155.1<\/td>\r\n<\/tr>\r\n<tr>\r\n<td>Type d&rsquo;appartement<\/td>\r\n<td class=\"has-text-align-left\" data-align=\"left\">chambre<\/td>\r\n<\/tr>\r\n<tr>\r\n<td>Meubl\u00e9<\/td>\r\n<td class=\"has-text-align-left\" data-align=\"left\">Meubl\u00e9 (clic-clac, table, table basse, chaises, desserte)<\/td>\r\n<\/tr>\r\n<tr>\r\n<td>Surface habitable<\/td>\r\n<td class=\"has-text-align-left\" data-align=\"left\">16 m\u00b2<\/td>\r\n<\/tr>\r\n<tr>\r\n<td>Loyer<\/td>\r\n<td class=\"has-text-align-left\" data-align=\"left\">300 \u20ac<\/td>\r\n<\/tr>\r\n<tr>\r\n<td>Charges<\/td>\r\n<td class=\"has-text-align-left\" data-align=\"left\">\u00c9lectricit\u00e9 \u00e0 la charge du locataire<\/td>\r\n<\/tr>\r\n<tr>\r\n<td>Mode de chauffage<\/td>\r\n<td class=\"has-text-align-left\" data-align=\"left\">\u00e9lectrique<\/td>\r\n<\/tr>\r\n<tr>\r\n<td>Libre le<\/td>\r\n<td class=\"has-text-align-left\" data-align=\"left\">d\u00e8s maintenant<\/td>\r\n<\/tr>\r\n<tr>\r\n<td>Coordonn\u00e9es du g\u00e9rant<\/td>\r\n<td class=\"has-text-align-left\" data-align=\"left\"><span id=\"cloak626a8f4caf00fd55db25fea73004333b\"><a href=\"mailto:vidole09@hotmail.com\">vidole09@hotmail.com<\/a><\/span><\/td>\r\n<\/tr>\r\n<tr>\r\n<td>Coordonn\u00e9es du logement<\/td>\r\n<td class=\"has-text-align-left\" data-align=\"left\">4 rue Delcass\u00e9, 09000 Foix<\/td>\r\n<\/tr>\r\n<tr>\r\n<td>Divers<\/td>\r\n<td>Chambre ind\u00e9pendante dans immeuble. Possibilit\u00e9 de louer meubl\u00e9 ou vide.<br \/>Eau comprise dans le loyer.<\/td>\r\n<\/tr>\r\n<tr>\r\n<td>Classe \u00e9nergie<\/td>\r\n<td class=\"has-text-align-left\" data-align=\"left\">D<\/td>\r\n<\/tr>\r\n<tr>\r\n<td>GES (Gaz \u00e0 Effet de Serre)<\/td>\r\n<td class=\"has-text-align-left\" data-align=\"left\">D<\/td>\r\n<\/tr>\r\n<\/tbody>\r\n<\/table>\r\n<\/figure>\r\n\r\n\r\n<p><iframe style=\"border: 0;\" src=\"https:\/\/www.google.com\/maps\/embed?pb=!1m28!1m12!1m3!1d5839.621380299352!2d1.6018824283453377!3d42.96119366660453!2m3!1f0!2f0!3f0!3m2!1i1024!2i768!4f13.1!4m13!3e2!4m5!1s0x12af112623795a83%3A0xe4e5eab1c6fed3aa!2s4%20Rue%20Th%C3%A9ophile%20Delcass%C3%A9%2C%2009000%20Foix!3m2!1d42.9659258!2d1.6086928999999999!4m5!1s0x12af1130e409c2e9%3A0x9861ab23cb4abfe1!2sCentre%20Universitaire%20de%20l'Ari%C3%A8ge%2C%20Rue%20Raoul%20Lafagette%2C%20Foix!3m2!1d42.9565365!2d1.6065032!5e0!3m2!1sfr!2sfr!4v1658325976320!5m2!1sfr!2sfr\" width=\"100%\" height=\"450\" allowfullscreen=\"allowfullscreen\"><\/iframe><\/p>\n","protected":false},"excerpt":{"rendered":"<p>Num\u00e9ro de l&rsquo;offre 155.1 Type d&rsquo;appartement chambre Meubl\u00e9 Meubl\u00e9 (clic-clac, table, table basse, chaises, desserte) Surface habitable 16 m\u00b2 Loyer 300 \u20ac Charges \u00c9lectricit\u00e9 \u00e0 la charge du locataire Mode de chauffage \u00e9lectrique Libre le d\u00e8s maintenant Coordonn\u00e9es du g\u00e9rant vidole09@hotmail.com Coordonn\u00e9es du logement 4 rue Delcass\u00e9, 09000 Foix Divers Chambre ind\u00e9pendante dans immeuble. Possibilit\u00e9 &hellip; <\/p>\n<p class=\"link-more\"><a href=\"https:\/\/infojeunes09.fr\/index.php\/produit\/chambre-meuble-foix-300e\/\" class=\"more-link\">Continuer la lecture<span class=\"screen-reader-text\"> de &laquo;&nbsp;Chambre n\u00b0155.1 | meubl\u00e9 | Foix | 300\u20ac&nbsp;&raquo;<\/span><\/a><\/p>\n","protected":false},"featured_media":4312,"template":"","meta":{"_bbp_topic_count":0,"_bbp_reply_count":0,"_bbp_total_topic_count":0,"_bbp_total_reply_count":0,"_bbp_voice_count":0,"_bbp_anonymous_reply_count":0,"_bbp_topic_count_hidden":0,"_bbp_reply_count_hidden":0,"_bbp_forum_subforum_count":0},"product_brand":[],"product_cat":[38],"product_tag":[58,42,54],"class_list":{"0":"post-765","1":"product","2":"type-product","3":"status-publish","4":"has-post-thumbnail","6":"product_cat-logement-offre","7":"product_tag-chambre","8":"product_tag-foix","9":"product_tag-meuble","11":"first","12":"instock","13":"virtual","14":"product-type-simple"},"yoast_head":"<!-- This site is optimized with the Yoast SEO plugin v27.0 - https:\/\/yoast.com\/product\/yoast-seo-wordpress\/ -->\n<title>Chambre n\u00b0155.1 | meubl\u00e9 | Foix | 300\u20ac - InfoJeunes Ari\u00e8ge et Agglo Foix-Varilhes<\/title>\n<meta name=\"robots\" content=\"index, follow, max-snippet:-1, max-image-preview:large, max-video-preview:-1\" \/>\n<link rel=\"canonical\" href=\"https:\/\/infojeunes09.fr\/index.php\/produit\/chambre-meuble-foix-300e\/\" \/>\n<meta property=\"og:locale\" content=\"fr_FR\" \/>\n<meta property=\"og:type\" content=\"article\" \/>\n<meta property=\"og:title\" content=\"Chambre n\u00b0155.1 | meubl\u00e9 | Foix | 300\u20ac - InfoJeunes Ari\u00e8ge et Agglo Foix-Varilhes\" \/>\n<meta property=\"og:description\" content=\"Num\u00e9ro de l&rsquo;offre 155.1 Type d&rsquo;appartement chambre Meubl\u00e9 Meubl\u00e9 (clic-clac, table, table basse, chaises, desserte) Surface habitable 16 m\u00b2 Loyer 300 \u20ac Charges \u00c9lectricit\u00e9 \u00e0 la charge du locataire Mode de chauffage \u00e9lectrique Libre le d\u00e8s maintenant Coordonn\u00e9es du g\u00e9rant vidole09@hotmail.com Coordonn\u00e9es du logement 4 rue Delcass\u00e9, 09000 Foix Divers Chambre ind\u00e9pendante dans immeuble. Possibilit\u00e9 &hellip; Continuer la lecture de &laquo;&nbsp;Chambre n\u00b0155.1 | meubl\u00e9 | Foix | 300\u20ac&nbsp;&raquo;\" \/>\n<meta property=\"og:url\" content=\"https:\/\/infojeunes09.fr\/index.php\/produit\/chambre-meuble-foix-300e\/\" \/>\n<meta property=\"og:site_name\" content=\"InfoJeunes Ari\u00e8ge et Agglo Foix-Varilhes\" \/>\n<meta property=\"article:publisher\" content=\"https:\/\/www.facebook.com\/Infojeunes09\/\" \/>\n<meta property=\"article:modified_time\" content=\"2025-09-24T14:56:05+00:00\" \/>\n<meta property=\"og:image\" content=\"https:\/\/infojeunes09.fr\/wp-content\/uploads\/2021\/11\/seloger155-3.jpg\" \/>\n\t<meta property=\"og:image:width\" content=\"768\" \/>\n\t<meta property=\"og:image:height\" content=\"1024\" \/>\n\t<meta property=\"og:image:type\" content=\"image\/jpeg\" \/>\n<meta name=\"twitter:card\" content=\"summary_large_image\" \/>\n<meta name=\"twitter:label1\" content=\"Dur\u00e9e de lecture estim\u00e9e\" \/>\n\t<meta name=\"twitter:data1\" content=\"1 minute\" \/>\n<script type=\"application\/ld+json\" class=\"yoast-schema-graph\">{\"@context\":\"https:\/\/schema.org\",\"@graph\":[{\"@type\":\"WebPage\",\"@id\":\"https:\/\/infojeunes09.fr\/index.php\/produit\/chambre-meuble-foix-300e\/\",\"url\":\"https:\/\/infojeunes09.fr\/index.php\/produit\/chambre-meuble-foix-300e\/\",\"name\":\"Chambre n\u00b0155.1 | meubl\u00e9 | Foix | 300\u20ac - InfoJeunes Ari\u00e8ge et Agglo Foix-Varilhes\",\"isPartOf\":{\"@id\":\"https:\/\/infojeunes09.fr\/#website\"},\"primaryImageOfPage\":{\"@id\":\"https:\/\/infojeunes09.fr\/index.php\/produit\/chambre-meuble-foix-300e\/#primaryimage\"},\"image\":{\"@id\":\"https:\/\/infojeunes09.fr\/index.php\/produit\/chambre-meuble-foix-300e\/#primaryimage\"},\"thumbnailUrl\":\"https:\/\/infojeunes09.fr\/wp-content\/uploads\/2021\/11\/seloger155-3.jpg\",\"datePublished\":\"2021-11-05T15:36:36+00:00\",\"dateModified\":\"2025-09-24T14:56:05+00:00\",\"breadcrumb\":{\"@id\":\"https:\/\/infojeunes09.fr\/index.php\/produit\/chambre-meuble-foix-300e\/#breadcrumb\"},\"inLanguage\":\"fr-FR\",\"potentialAction\":[{\"@type\":\"ReadAction\",\"target\":[\"https:\/\/infojeunes09.fr\/index.php\/produit\/chambre-meuble-foix-300e\/\"]}]},{\"@type\":\"ImageObject\",\"inLanguage\":\"fr-FR\",\"@id\":\"https:\/\/infojeunes09.fr\/index.php\/produit\/chambre-meuble-foix-300e\/#primaryimage\",\"url\":\"https:\/\/infojeunes09.fr\/wp-content\/uploads\/2021\/11\/seloger155-3.jpg\",\"contentUrl\":\"https:\/\/infojeunes09.fr\/wp-content\/uploads\/2021\/11\/seloger155-3.jpg\",\"width\":768,\"height\":1024},{\"@type\":\"BreadcrumbList\",\"@id\":\"https:\/\/infojeunes09.fr\/index.php\/produit\/chambre-meuble-foix-300e\/#breadcrumb\",\"itemListElement\":[{\"@type\":\"ListItem\",\"position\":1,\"name\":\"Accueil\",\"item\":\"https:\/\/infojeunes09.fr\/\"},{\"@type\":\"ListItem\",\"position\":2,\"name\":\"Boutique\",\"item\":\"https:\/\/infojeunes09.fr\/?page_id=380\"},{\"@type\":\"ListItem\",\"position\":3,\"name\":\"Chambre n\u00b0155.1 | meubl\u00e9 | Foix | 300\u20ac\"}]},{\"@type\":\"WebSite\",\"@id\":\"https:\/\/infojeunes09.fr\/#website\",\"url\":\"https:\/\/infojeunes09.fr\/\",\"name\":\"InfoJeunes Ari\u00e8ge et Agglo Foix-Varilhes\",\"description\":\"Explorer les possibles\",\"publisher\":{\"@id\":\"https:\/\/infojeunes09.fr\/#organization\"},\"potentialAction\":[{\"@type\":\"SearchAction\",\"target\":{\"@type\":\"EntryPoint\",\"urlTemplate\":\"https:\/\/infojeunes09.fr\/?s={search_term_string}\"},\"query-input\":{\"@type\":\"PropertyValueSpecification\",\"valueRequired\":true,\"valueName\":\"search_term_string\"}}],\"inLanguage\":\"fr-FR\"},{\"@type\":\"Organization\",\"@id\":\"https:\/\/infojeunes09.fr\/#organization\",\"name\":\"InfoJeunes Agglo Foix-Varilhes et Ari\u00e8ge\",\"url\":\"https:\/\/infojeunes09.fr\/\",\"logo\":{\"@type\":\"ImageObject\",\"inLanguage\":\"fr-FR\",\"@id\":\"https:\/\/infojeunes09.fr\/#\/schema\/logo\/image\/\",\"url\":\"https:\/\/infojeunes09.fr\/wp-content\/uploads\/2022\/07\/logo-bleu-Agglo-Foix-Varilhes-et-ariege@2x.png\",\"contentUrl\":\"https:\/\/infojeunes09.fr\/wp-content\/uploads\/2022\/07\/logo-bleu-Agglo-Foix-Varilhes-et-ariege@2x.png\",\"width\":800,\"height\":400,\"caption\":\"InfoJeunes Agglo Foix-Varilhes et Ari\u00e8ge\"},\"image\":{\"@id\":\"https:\/\/infojeunes09.fr\/#\/schema\/logo\/image\/\"},\"sameAs\":[\"https:\/\/www.facebook.com\/Infojeunes09\/\",\"https:\/\/www.instagram.com\/infojeunes09\/\"]}]}<\/script>\n<!-- \/ Yoast SEO plugin. -->","yoast_head_json":{"title":"Chambre n\u00b0155.1 | meubl\u00e9 | Foix | 300\u20ac - InfoJeunes Ari\u00e8ge et Agglo Foix-Varilhes","robots":{"index":"index","follow":"follow","max-snippet":"max-snippet:-1","max-image-preview":"max-image-preview:large","max-video-preview":"max-video-preview:-1"},"canonical":"https:\/\/infojeunes09.fr\/index.php\/produit\/chambre-meuble-foix-300e\/","og_locale":"fr_FR","og_type":"article","og_title":"Chambre n\u00b0155.1 | meubl\u00e9 | Foix | 300\u20ac - InfoJeunes Ari\u00e8ge et Agglo Foix-Varilhes","og_description":"Num\u00e9ro de l&rsquo;offre 155.1 Type d&rsquo;appartement chambre Meubl\u00e9 Meubl\u00e9 (clic-clac, table, table basse, chaises, desserte) Surface habitable 16 m\u00b2 Loyer 300 \u20ac Charges \u00c9lectricit\u00e9 \u00e0 la charge du locataire Mode de chauffage \u00e9lectrique Libre le d\u00e8s maintenant Coordonn\u00e9es du g\u00e9rant vidole09@hotmail.com Coordonn\u00e9es du logement 4 rue Delcass\u00e9, 09000 Foix Divers Chambre ind\u00e9pendante dans immeuble. Possibilit\u00e9 &hellip; Continuer la lecture de &laquo;&nbsp;Chambre n\u00b0155.1 | meubl\u00e9 | Foix | 300\u20ac&nbsp;&raquo;","og_url":"https:\/\/infojeunes09.fr\/index.php\/produit\/chambre-meuble-foix-300e\/","og_site_name":"InfoJeunes Ari\u00e8ge et Agglo Foix-Varilhes","article_publisher":"https:\/\/www.facebook.com\/Infojeunes09\/","article_modified_time":"2025-09-24T14:56:05+00:00","og_image":[{"width":768,"height":1024,"url":"https:\/\/infojeunes09.fr\/wp-content\/uploads\/2021\/11\/seloger155-3.jpg","type":"image\/jpeg"}],"twitter_card":"summary_large_image","twitter_misc":{"Dur\u00e9e de lecture estim\u00e9e":"1 minute"},"schema":{"@context":"https:\/\/schema.org","@graph":[{"@type":"WebPage","@id":"https:\/\/infojeunes09.fr\/index.php\/produit\/chambre-meuble-foix-300e\/","url":"https:\/\/infojeunes09.fr\/index.php\/produit\/chambre-meuble-foix-300e\/","name":"Chambre n\u00b0155.1 | meubl\u00e9 | Foix | 300\u20ac - InfoJeunes Ari\u00e8ge et Agglo Foix-Varilhes","isPartOf":{"@id":"https:\/\/infojeunes09.fr\/#website"},"primaryImageOfPage":{"@id":"https:\/\/infojeunes09.fr\/index.php\/produit\/chambre-meuble-foix-300e\/#primaryimage"},"image":{"@id":"https:\/\/infojeunes09.fr\/index.php\/produit\/chambre-meuble-foix-300e\/#primaryimage"},"thumbnailUrl":"https:\/\/infojeunes09.fr\/wp-content\/uploads\/2021\/11\/seloger155-3.jpg","datePublished":"2021-11-05T15:36:36+00:00","dateModified":"2025-09-24T14:56:05+00:00","breadcrumb":{"@id":"https:\/\/infojeunes09.fr\/index.php\/produit\/chambre-meuble-foix-300e\/#breadcrumb"},"inLanguage":"fr-FR","potentialAction":[{"@type":"ReadAction","target":["https:\/\/infojeunes09.fr\/index.php\/produit\/chambre-meuble-foix-300e\/"]}]},{"@type":"ImageObject","inLanguage":"fr-FR","@id":"https:\/\/infojeunes09.fr\/index.php\/produit\/chambre-meuble-foix-300e\/#primaryimage","url":"https:\/\/infojeunes09.fr\/wp-content\/uploads\/2021\/11\/seloger155-3.jpg","contentUrl":"https:\/\/infojeunes09.fr\/wp-content\/uploads\/2021\/11\/seloger155-3.jpg","width":768,"height":1024},{"@type":"BreadcrumbList","@id":"https:\/\/infojeunes09.fr\/index.php\/produit\/chambre-meuble-foix-300e\/#breadcrumb","itemListElement":[{"@type":"ListItem","position":1,"name":"Accueil","item":"https:\/\/infojeunes09.fr\/"},{"@type":"ListItem","position":2,"name":"Boutique","item":"https:\/\/infojeunes09.fr\/?page_id=380"},{"@type":"ListItem","position":3,"name":"Chambre n\u00b0155.1 | meubl\u00e9 | Foix | 300\u20ac"}]},{"@type":"WebSite","@id":"https:\/\/infojeunes09.fr\/#website","url":"https:\/\/infojeunes09.fr\/","name":"InfoJeunes Ari\u00e8ge et Agglo Foix-Varilhes","description":"Explorer les possibles","publisher":{"@id":"https:\/\/infojeunes09.fr\/#organization"},"potentialAction":[{"@type":"SearchAction","target":{"@type":"EntryPoint","urlTemplate":"https:\/\/infojeunes09.fr\/?s={search_term_string}"},"query-input":{"@type":"PropertyValueSpecification","valueRequired":true,"valueName":"search_term_string"}}],"inLanguage":"fr-FR"},{"@type":"Organization","@id":"https:\/\/infojeunes09.fr\/#organization","name":"InfoJeunes Agglo Foix-Varilhes et Ari\u00e8ge","url":"https:\/\/infojeunes09.fr\/","logo":{"@type":"ImageObject","inLanguage":"fr-FR","@id":"https:\/\/infojeunes09.fr\/#\/schema\/logo\/image\/","url":"https:\/\/infojeunes09.fr\/wp-content\/uploads\/2022\/07\/logo-bleu-Agglo-Foix-Varilhes-et-ariege@2x.png","contentUrl":"https:\/\/infojeunes09.fr\/wp-content\/uploads\/2022\/07\/logo-bleu-Agglo-Foix-Varilhes-et-ariege@2x.png","width":800,"height":400,"caption":"InfoJeunes Agglo Foix-Varilhes et Ari\u00e8ge"},"image":{"@id":"https:\/\/infojeunes09.fr\/#\/schema\/logo\/image\/"},"sameAs":["https:\/\/www.facebook.com\/Infojeunes09\/","https:\/\/www.instagram.com\/infojeunes09\/"]}]}},"_links":{"self":[{"href":"https:\/\/infojeunes09.fr\/index.php\/wp-json\/wp\/v2\/product\/765","targetHints":{"allow":["GET"]}}],"collection":[{"href":"https:\/\/infojeunes09.fr\/index.php\/wp-json\/wp\/v2\/product"}],"about":[{"href":"https:\/\/infojeunes09.fr\/index.php\/wp-json\/wp\/v2\/types\/product"}],"wp:featuredmedia":[{"embeddable":true,"href":"https:\/\/infojeunes09.fr\/index.php\/wp-json\/wp\/v2\/media\/4312"}],"wp:attachment":[{"href":"https:\/\/infojeunes09.fr\/index.php\/wp-json\/wp\/v2\/media?parent=765"}],"wp:term":[{"taxonomy":"product_brand","embeddable":true,"href":"https:\/\/infojeunes09.fr\/index.php\/wp-json\/wp\/v2\/product_brand?post=765"},{"taxonomy":"product_cat","embeddable":true,"href":"https:\/\/infojeunes09.fr\/index.php\/wp-json\/wp\/v2\/product_cat?post=765"},{"taxonomy":"product_tag","embeddable":true,"href":"https:\/\/infojeunes09.fr\/index.php\/wp-json\/wp\/v2\/product_tag?post=765"}],"curies":[{"name":"wp","href":"https:\/\/api.w.org\/{rel}","templated":true}]}}